{"id":5972,"date":"2016-05-14T22:28:29","date_gmt":"2016-05-14T21:28:29","guid":{"rendered":"https:\/\/www.noghesdumonceau.com\/?page_id=5972"},"modified":"2020-11-04T13:33:31","modified_gmt":"2020-11-04T12:33:31","slug":"avocat-defenseur-monaco","status":"publish","type":"page","link":"https:\/\/www.noghesdumonceau.com\/avocat-defenseur-monaco\/","title":{"rendered":"Pierre-Anne Nogh\u00e8s-du Monceau, Avocat D\u00e9fenseur \u00e0 Monaco"},"content":{"rendered":"[vc_row][vc_column][rev_slider_vc alias=\u00a0\u00bbpierre-anne-fr\u00a0\u00bb][\/vc_column][\/vc_row][vc_row center_row=\u00a0\u00bbyes\u00a0\u00bb bg_style=\u00a0\u00bbstretch\u00a0\u00bb css=\u00a0\u00bb.vc_custom_1451854772542{margin-bottom: 40px !important;border-top-width: 1px !important;border-bottom-width: 1px !important;padding-top: 30px !important;padding-bottom: 30px !important;background-color: #f5f5f5 !important;border-top-color: #ededed !important;border-top-style: solid !important;border-bottom-color: #ededed !important;border-bottom-style: solid !important;}\u00a0\u00bb][vc_column width=\u00a0\u00bb1\/2&Prime; margin_bottom=\u00a0\u00bb0px\u00a0\u00bb]<div class=\"vcex-spacing wpex-w-100 wpex-clear\" style=\"height:10px\"><\/div><div class=\"vcex-heading vcex-module wpex-text-2xl wpex-font-normal wpex-m-auto wpex-max-w-100 vcex-heading-plain wpex-block\" style=\"color:#86c548;font-size:18px;\"><span class=\"vcex-heading-inner wpex-inline-block wpex-clr\">Profil<\/span><\/div>[vc_separator]<div class=\"vcex-spacing wpex-w-100 wpex-clear\" style=\"height:20px\"><\/div>[vc_column_text]Pierre-Anne Nogh\u00e8s-du Monceau, <strong>Avocat d\u00e9fenseur \u00e0 Monaco<\/strong>.<\/p>\n<p>Elle traite des dossiers contentieux complexes dans diff\u00e9rents domaines:<\/p>\n<ul>\n<li><strong>droit des soci\u00e9t\u00e9s<\/strong><\/li>\n<li><strong>droit commercial<\/strong> ou dans le domaine des assurances que ce soit devant les juridictions de la Principaut\u00e9 ou encore dans le cadre d\u2019arbitrages internationaux.<\/li>\n<\/ul>\n<p>Pierre-Anne dispose \u00e9galement d\u2019une grande exp\u00e9rience dans le domaine des acquisitions ainsi que dans les privatisations de soci\u00e9t\u00e9s. Elle r\u00e9dige et n\u00e9gocie les termes des conventions de cession, des conventions d\u2019actionnaires ainsi que des financements qui y sont li\u00e9s. Forte de son exp\u00e9rience, elle conseille les actionnaires et administrateurs dans la gestion quotidienne et strat\u00e9gique de leur entreprise ainsi que pour leurs projets de restructuration. Enfin, le risk management dans les assurances des entreprises est une de ses sp\u00e9cialit\u00e9s.[\/vc_column_text]<div class=\"vcex-spacing wpex-w-100 wpex-clear\" style=\"height:20px\"><\/div><div class=\"textcenter theme-button-wrap wpex-clr\"><a href=\"https:\/\/www.noghesdumonceau.com\/cv-pierre-anne-noghes-du-monceau\/\" title=\"Consulter le curriculum vitae\" class=\"vcex-button theme-button graphical green align-center inline\"><span class=\"theme-button-inner\"><span class=\"vcex-icon-wrap theme-button-icon-left\"><span class=\"ticon ticon-arrow-right\" aria-hidden=\"true\"><\/span><\/span>Consulter le curriculum vitae<\/span><\/a><\/div> [\/vc_column][vc_column width=\u00a0\u00bb1\/4&Prime; css=\u00a0\u00bb.vc_custom_1451853406869{border-top-width: 1px !important;border-right-width: 1px !important;border-bottom-width: 1px !important;border-left-width: 1px !important;padding-top: 10px !important;padding-right: 10px !important;padding-bottom: 10px !important;padding-left: 10px !important;background-color: #ffffff !important;border-left-color: #ececec !important;border-left-style: solid !important;border-right-color: #ececec !important;border-right-style: solid !important;border-top-color: #ececec !important;border-top-style: solid !important;border-bottom-color: #ececec !important;border-bottom-style: solid !important;border-radius: 1px !important;}\u00a0\u00bb]<div class=\"vcex-heading vcex-module wpex-text-2xl wpex-font-normal wpex-m-auto wpex-max-w-100 vcex-heading-plain wpex-block\" style=\"color:#86c548;font-size:18px;\"><span class=\"vcex-heading-inner wpex-inline-block wpex-clr\">Domaines d'expertise<\/span><\/div>[vc_separator]<div class=\"vcex-spacing wpex-w-100 wpex-clear\" style=\"height:20px\"><\/div><div class=\"vcex-module vcex-bullets vcex-bullets-check\">\n<ul>\n<li>Contentieux commercial<\/li>\n<li>Droit des soci\u00e9t\u00e9s et M&amp;A<\/li>\n<li>Droit des assurances<\/li>\n<li>Yachting<\/li>\n<\/ul>\n<\/div><div class=\"vcex-spacing wpex-w-100 wpex-clear\" style=\"height:75px\"><\/div>[\/vc_column][vc_column width=\u00a0\u00bb1\/4&Prime; css=\u00a0\u00bb.vc_custom_1451854362187{border-top-width: 1px !important;border-right-width: 1px !important;border-bottom-width: 1px !important;border-left-width: 1px !important;padding-top: 10px !important;padding-right: 10px !important;padding-bottom: 10px !important;padding-left: 10px !important;background-color: #ffffff !important;border-left-color: #ececec !important;border-left-style: solid !important;border-right-color: #ececec !important;border-right-style: solid !important;border-top-color: #ececec !important;border-top-style: solid !important;border-bottom-color: #ececec !important;border-bottom-style: solid !important;border-radius: 1px !important;}\u00a0\u00bb]<div class=\"vcex-heading vcex-module wpex-text-2xl wpex-font-normal wpex-m-auto wpex-max-w-100 vcex-heading-plain wpex-block\" style=\"color:#86c548;font-size:18px;\"><span class=\"vcex-heading-inner wpex-inline-block wpex-clr\">Contact<\/span><\/div>[vc_separator]<div class=\"vcex-spacing wpex-w-100 wpex-clear\" style=\"height:20px\"><\/div>[vc_column_text]<span style=\"font-size: 13px; color: #000000;\"><strong>Pierre-Anne Nogh\u00e8s-du Monceau<\/strong><\/span><br \/>\nT\u00e9l: +377 92 16 70 00<br \/>\nFax : +377 92 16 70 30<\/p>\n<p>Email : <a href=\"mailto:pad@noghesdumonceau.com\">pad@noghesdumonceau.com<\/a><br \/>\n<a href=\"https:\/\/www.linkedin.com\/in\/pierre-anne-du-monceau-a325581b\" target=\"_blank\" rel=\"noopener noreferrer\"><img decoding=\"async\" class=\"alignnone wp-image-4806\" src=\"https:\/\/www.noghesdumonceau.com\/file\/2016\/01\/LinkedIn_small.jpg\" alt=\"LinkedIn_small\" width=\"25\" height=\"26\" \/><\/a>[\/vc_column_text]<div class=\"textcenter theme-button-wrap wpex-clr\"><a href=\"https:\/\/www.noghesdumonceau.com\/file\/cartes_de_visite\/Pierre-Anne-Noghes-du-Monceau.vcf\" title=\"Carte de visite\" class=\"vcex-button theme-button graphical green align-center inline\" target=\"_blank\" rel=\"noopener noreferrer\"><span class=\"theme-button-inner\">Carte de visite<span class=\"vcex-icon-wrap theme-button-icon-right\"><span class=\"ticon ticon-download\" aria-hidden=\"true\"><\/span><\/span><\/span><\/a><\/div> [\/vc_column][\/vc_row]\n","protected":false},"excerpt":{"rendered":"<p>[vc_row][vc_column][rev_slider_vc alias=\u00a0\u00bbpierre-anne-fr\u00a0\u00bb][\/vc_column][\/vc_row][vc_row center_row=\u00a0\u00bbyes\u00a0\u00bb bg_style=\u00a0\u00bbstretch\u00a0\u00bb css=\u00a0\u00bb.vc_custom_1451854772542{margin-bottom: 40px !important;border-top-width: 1px !important;border-bottom-width: 1px !important;padding-top: 30px !important;padding-bottom: 30px !important;background-color: #f5f5f5 !important;border-top-color: #ededed !important;border-top-style: solid !important;border-bottom-color: #ededed !important;border-bottom-style: solid !important;}\u00a0\u00bb][vc_column width=\u00a0\u00bb1\/2&Prime; margin_bottom=\u00a0\u00bb0px\u00a0\u00bb][vc_separator][vc_column_text]Pierre-Anne Nogh\u00e8s-du Monceau, Avocat d\u00e9fenseur \u00e0 Monaco. Elle traite des dossiers contentieux complexes dans&hellip;<\/p>\n","protected":false},"author":1,"featured_media":0,"parent":0,"menu_order":0,"comment_status":"closed","ping_status":"closed","template":"","meta":{"footnotes":""},"yoast_head":"<!-- This site is optimized with the Yoast SEO plugin v21.2 - https:\/\/yoast.com\/wordpress\/plugins\/seo\/ -->\n<title>Avocat d\u00e9fenseur Monaco - Law Firm Nogh\u00e8s-du Monceau<\/title>\n<meta name=\"description\" content=\"Avocat d\u00e9fenseur au barreau de Monaco, Pierre-Anne Nogh\u00e8s-du Monceau vous accompagne pour vos contentieux, priv\u00e9s ou en entreprise.\" \/>\n<meta name=\"robots\" content=\"index, follow, max-snippet:-1, max-image-preview:large, max-video-preview:-1\" \/>\n<link rel=\"canonical\" href=\"https:\/\/www.noghesdumonceau.com\/avocat-defenseur-monaco\/\" \/>\n<meta property=\"og:locale\" content=\"fr_FR\" \/>\n<meta property=\"og:type\" content=\"article\" \/>\n<meta property=\"og:title\" content=\"Avocat d\u00e9fenseur Monaco - Law Firm Nogh\u00e8s-du Monceau\" \/>\n<meta property=\"og:description\" content=\"Avocat d\u00e9fenseur au barreau de Monaco, Pierre-Anne Nogh\u00e8s-du Monceau vous accompagne pour vos contentieux, priv\u00e9s ou en entreprise.\" \/>\n<meta property=\"og:url\" content=\"https:\/\/www.noghesdumonceau.com\/avocat-defenseur-monaco\/\" \/>\n<meta property=\"og:site_name\" content=\"Avocats et Juristes \u00e0 Monaco, Nogh\u00e8s-du Monceau\" \/>\n<meta property=\"article:modified_time\" content=\"2020-11-04T12:33:31+00:00\" \/>\n<meta property=\"og:image\" content=\"https:\/\/www.noghesdumonceau.com\/file\/2016\/01\/LinkedIn_small.jpg\" \/>\n<meta name=\"twitter:card\" content=\"summary_large_image\" \/>\n<meta name=\"twitter:label1\" content=\"Dur\u00e9e de lecture estim\u00e9e\" \/>\n\t<meta name=\"twitter:data1\" content=\"2 minutes\" \/>\n<script type=\"application\/ld+json\" class=\"yoast-schema-graph\">{\"@context\":\"https:\/\/schema.org\",\"@graph\":[{\"@type\":\"WebPage\",\"@id\":\"https:\/\/www.noghesdumonceau.com\/avocat-defenseur-monaco\/\",\"url\":\"https:\/\/www.noghesdumonceau.com\/avocat-defenseur-monaco\/\",\"name\":\"Avocat d\u00e9fenseur Monaco - Law Firm Nogh\u00e8s-du Monceau\",\"isPartOf\":{\"@id\":\"https:\/\/www.noghesdumonceau.com\/#website\"},\"datePublished\":\"2016-05-14T21:28:29+00:00\",\"dateModified\":\"2020-11-04T12:33:31+00:00\",\"description\":\"Avocat d\u00e9fenseur au barreau de Monaco, Pierre-Anne Nogh\u00e8s-du Monceau vous accompagne pour vos contentieux, priv\u00e9s ou en entreprise.\",\"breadcrumb\":{\"@id\":\"https:\/\/www.noghesdumonceau.com\/avocat-defenseur-monaco\/#breadcrumb\"},\"inLanguage\":\"fr-FR\",\"potentialAction\":[{\"@type\":\"ReadAction\",\"target\":[\"https:\/\/www.noghesdumonceau.com\/avocat-defenseur-monaco\/\"]}]},{\"@type\":\"BreadcrumbList\",\"@id\":\"https:\/\/www.noghesdumonceau.com\/avocat-defenseur-monaco\/#breadcrumb\",\"itemListElement\":[{\"@type\":\"ListItem\",\"position\":1,\"name\":\"Accueil\",\"item\":\"https:\/\/www.noghesdumonceau.com\/\"},{\"@type\":\"ListItem\",\"position\":2,\"name\":\"Pierre-Anne Nogh\u00e8s-du Monceau, Avocat D\u00e9fenseur \u00e0 Monaco\"}]},{\"@type\":\"WebSite\",\"@id\":\"https:\/\/www.noghesdumonceau.com\/#website\",\"url\":\"https:\/\/www.noghesdumonceau.com\/\",\"name\":\"Nogh\u00e8s-du-Monceau Law Firm Monaco\",\"description\":\"Nogh\u00e8s-du-Monceau Law Firm Monaco\",\"potentialAction\":[{\"@type\":\"SearchAction\",\"target\":{\"@type\":\"EntryPoint\",\"urlTemplate\":\"https:\/\/www.noghesdumonceau.com\/?s={search_term_string}\"},\"query-input\":\"required name=search_term_string\"}],\"inLanguage\":\"fr-FR\"}]}<\/script>\n<!-- \/ Yoast SEO plugin. -->","yoast_head_json":{"title":"Avocat d\u00e9fenseur Monaco - Law Firm Nogh\u00e8s-du Monceau","description":"Avocat d\u00e9fenseur au barreau de Monaco, Pierre-Anne Nogh\u00e8s-du Monceau vous accompagne pour vos contentieux, priv\u00e9s ou en entreprise.","robots":{"index":"index","follow":"follow","max-snippet":"max-snippet:-1","max-image-preview":"max-image-preview:large","max-video-preview":"max-video-preview:-1"},"canonical":"https:\/\/www.noghesdumonceau.com\/avocat-defenseur-monaco\/","og_locale":"fr_FR","og_type":"article","og_title":"Avocat d\u00e9fenseur Monaco - Law Firm Nogh\u00e8s-du Monceau","og_description":"Avocat d\u00e9fenseur au barreau de Monaco, Pierre-Anne Nogh\u00e8s-du Monceau vous accompagne pour vos contentieux, priv\u00e9s ou en entreprise.","og_url":"https:\/\/www.noghesdumonceau.com\/avocat-defenseur-monaco\/","og_site_name":"Avocats et Juristes \u00e0 Monaco, Nogh\u00e8s-du Monceau","article_modified_time":"2020-11-04T12:33:31+00:00","og_image":[{"url":"https:\/\/www.noghesdumonceau.com\/file\/2016\/01\/LinkedIn_small.jpg"}],"twitter_card":"summary_large_image","twitter_misc":{"Dur\u00e9e de lecture estim\u00e9e":"2 minutes"},"schema":{"@context":"https:\/\/schema.org","@graph":[{"@type":"WebPage","@id":"https:\/\/www.noghesdumonceau.com\/avocat-defenseur-monaco\/","url":"https:\/\/www.noghesdumonceau.com\/avocat-defenseur-monaco\/","name":"Avocat d\u00e9fenseur Monaco - Law Firm Nogh\u00e8s-du Monceau","isPartOf":{"@id":"https:\/\/www.noghesdumonceau.com\/#website"},"datePublished":"2016-05-14T21:28:29+00:00","dateModified":"2020-11-04T12:33:31+00:00","description":"Avocat d\u00e9fenseur au barreau de Monaco, Pierre-Anne Nogh\u00e8s-du Monceau vous accompagne pour vos contentieux, priv\u00e9s ou en entreprise.","breadcrumb":{"@id":"https:\/\/www.noghesdumonceau.com\/avocat-defenseur-monaco\/#breadcrumb"},"inLanguage":"fr-FR","potentialAction":[{"@type":"ReadAction","target":["https:\/\/www.noghesdumonceau.com\/avocat-defenseur-monaco\/"]}]},{"@type":"BreadcrumbList","@id":"https:\/\/www.noghesdumonceau.com\/avocat-defenseur-monaco\/#breadcrumb","itemListElement":[{"@type":"ListItem","position":1,"name":"Accueil","item":"https:\/\/www.noghesdumonceau.com\/"},{"@type":"ListItem","position":2,"name":"Pierre-Anne Nogh\u00e8s-du Monceau, Avocat D\u00e9fenseur \u00e0 Monaco"}]},{"@type":"WebSite","@id":"https:\/\/www.noghesdumonceau.com\/#website","url":"https:\/\/www.noghesdumonceau.com\/","name":"Nogh\u00e8s-du-Monceau Law Firm Monaco","description":"Nogh\u00e8s-du-Monceau Law Firm Monaco","potentialAction":[{"@type":"SearchAction","target":{"@type":"EntryPoint","urlTemplate":"https:\/\/www.noghesdumonceau.com\/?s={search_term_string}"},"query-input":"required name=search_term_string"}],"inLanguage":"fr-FR"}]}},"_links":{"self":[{"href":"https:\/\/www.noghesdumonceau.com\/rest\/wp\/v2\/pages\/5972"}],"collection":[{"href":"https:\/\/www.noghesdumonceau.com\/rest\/wp\/v2\/pages"}],"about":[{"href":"https:\/\/www.noghesdumonceau.com\/rest\/wp\/v2\/types\/page"}],"author":[{"embeddable":true,"href":"https:\/\/www.noghesdumonceau.com\/rest\/wp\/v2\/users\/1"}],"replies":[{"embeddable":true,"href":"https:\/\/www.noghesdumonceau.com\/rest\/wp\/v2\/comments?post=5972"}],"version-history":[{"count":5,"href":"https:\/\/www.noghesdumonceau.com\/rest\/wp\/v2\/pages\/5972\/revisions"}],"predecessor-version":[{"id":6834,"href":"https:\/\/www.noghesdumonceau.com\/rest\/wp\/v2\/pages\/5972\/revisions\/6834"}],"wp:attachment":[{"href":"https:\/\/www.noghesdumonceau.com\/rest\/wp\/v2\/media?parent=5972"}],"curies":[{"name":"wp","href":"https:\/\/api.w.org\/{rel}","templated":true}]}}