{"id":5625,"date":"2016-04-10T18:38:54","date_gmt":"2016-04-10T17:38:54","guid":{"rendered":"https:\/\/www.noghesdumonceau.com\/en\/?page_id=5625"},"modified":"2020-11-04T18:27:20","modified_gmt":"2020-11-04T17:27:20","slug":"cv-pierre-anne-noghes-du-monceau","status":"publish","type":"page","link":"https:\/\/www.noghesdumonceau.com\/en\/cv-pierre-anne-noghes-du-monceau\/","title":{"rendered":"cv Pierre-Anne Nogh\u00e8s-du Monceau"},"content":{"rendered":"[vc_row center_row=\u00a0\u00bbyes\u00a0\u00bb bg_style=\u00a0\u00bbstretch\u00a0\u00bb css=\u00a0\u00bb.vc_custom_1451854772542{margin-bottom: 40px !important;border-top-width: 1px !important;border-bottom-width: 1px !important;padding-top: 30px !important;padding-bottom: 30px !important;background-color: #f5f5f5 !important;border-top-color: #ededed !important;border-top-style: solid !important;border-bottom-color: #ededed !important;border-bottom-style: solid !important;}\u00a0\u00bb][vc_column width=\u00a0\u00bb1\/2&Prime; css=\u00a0\u00bb.vc_custom_1451853406869{border-top-width: 1px !important;border-right-width: 1px !important;border-bottom-width: 1px !important;border-left-width: 1px !important;padding-top: 10px !important;padding-right: 10px !important;padding-bottom: 10px !important;padding-left: 10px !important;background-color: #ffffff !important;border-left-color: #ececec !important;border-left-style: solid !important;border-right-color: #ececec !important;border-right-style: solid !important;border-top-color: #ececec !important;border-top-style: solid !important;border-bottom-color: #ececec !important;border-bottom-style: solid !important;border-radius: 1px !important;}\u00a0\u00bb]<div class=\"vcex-heading vcex-module wpex-text-2xl wpex-font-normal wpex-m-auto wpex-max-w-100 vcex-heading-bottom-border-w-color wpex-block wpex-text-left wpex-border-b-2 wpex-border-solid wpex-border-gray-200\" style=\"color:#636363;font-size:18px;\"><span class=\"vcex-heading-inner wpex-inline-block wpex-clr wpex-relative wpex-pb-5 wpex-border-b-2 wpex-border-solid wpex-border-accent\" style=\"border-color:#86c548;\">PIERRE-ANNE NOGHES - du MONCEAU<br \/>\nAttorney<br \/><\/span><\/div><div class=\"vcex-spacing wpex-w-100 wpex-clear\" style=\"height:20px\"><\/div>[vc_single_image image=\u00a0\u00bb4442&Prime; alignment=\u00a0\u00bbcenter\u00a0\u00bb style=\u00a0\u00bbvc_box_shadow_3d\u00a0\u00bb]<div class=\"vcex-heading vcex-module wpex-text-2xl wpex-font-normal wpex-m-auto wpex-max-w-100 vcex-heading-plain wpex-block\" style=\"color:#86c548;font-size:18px;\"><span class=\"vcex-heading-inner wpex-inline-block wpex-clr\">PROFESSIONAL EXPERIENCE<\/span><\/div>[vc_separator]<div class=\"vcex-spacing wpex-w-100 wpex-clear\" style=\"height:20px\"><\/div><div class=\"smile_icon_list_wrap ult_info_list_container ult-adjust-bottom-margin  \"><ul class=\"smile_icon_list left square with_bg\"><li class=\"icon_list_item\" style=\" font-size:51px;\"><div class=\"icon_list_icon\" data-animation=\"\" data-animation-delay=\"03\" style=\"font-size:17px;border-width:1px;border-style:none;background:#ffffff;color:#86c548;border-color:#333333;\"><i class=\"Defaults-circle-o\" ><\/i><\/div><div class=\"icon_description\" id=\"Info-list-wrap-3845\" style=\"font-size:17px;\"><h3 class=\"ult-responsive info-list-heading\"  data-ultimate-target='#Info-list-wrap-3845 h3'  data-responsive-json-new='{\"font-size\":\"desktop:16px;\",\"line-height\":\"desktop:24px;\"}'  style=\"\">2016<\/h3><div class=\"icon_description_text ult-responsive\"  data-ultimate-target='#Info-list-wrap-3845 .icon_description_text'  data-responsive-json-new='{\"font-size\":\"desktop:13px;\",\"line-height\":\"desktop:18px;\"}'  style=\"\"><p>Nogh\u00e8s &#8211; du Monceau<br \/>\nLawyer<\/p>\n<\/div><\/div><div class=\"icon_list_connector\"  style=\"border-right-width: 1px;border-right-style: dashed;border-color: #333333;\"><\/div><\/li><li class=\"icon_list_item\" style=\" font-size:51px;\"><div class=\"icon_list_icon\" data-animation=\"\" data-animation-delay=\"03\" style=\"font-size:17px;border-width:1px;border-style:none;background:#ffffff;color:#86c548;border-color:#333333;\"><i class=\"Defaults-circle-o\" ><\/i><\/div><div class=\"icon_description\" id=\"Info-list-wrap-7496\" style=\"font-size:17px;\"><h3 class=\"ult-responsive info-list-heading\"  data-ultimate-target='#Info-list-wrap-7496 h3'  data-responsive-json-new='{\"font-size\":\"desktop:16px;\",\"line-height\":\"desktop:24px;\"}'  style=\"\">2013<\/h3><div class=\"icon_description_text ult-responsive\"  data-ultimate-target='#Info-list-wrap-7496 .icon_description_text'  data-responsive-json-new='{\"font-size\":\"desktop:13px;\",\"line-height\":\"desktop:18px;\"}'  style=\"\"><p>UrbanLaw<br \/>\nPartner<\/p>\n<\/div><\/div><div class=\"icon_list_connector\"  style=\"border-right-width: 1px;border-right-style: dashed;border-color: #333333;\"><\/div><\/li><li class=\"icon_list_item\" style=\" font-size:51px;\"><div class=\"icon_list_icon\" data-animation=\"\" data-animation-delay=\"03\" style=\"font-size:17px;border-width:1px;border-style:none;background:#ffffff;color:#86c548;border-color:#333333;\"><i class=\"Defaults-circle-o\" ><\/i><\/div><div class=\"icon_description\" id=\"Info-list-wrap-1774\" style=\"font-size:17px;\"><h3 class=\"ult-responsive info-list-heading\"  data-ultimate-target='#Info-list-wrap-1774 h3'  data-responsive-json-new='{\"font-size\":\"desktop:16px;\",\"line-height\":\"desktop:24px;\"}'  style=\"\">2007 - 2012<\/h3><div class=\"icon_description_text ult-responsive\"  data-ultimate-target='#Info-list-wrap-1774 .icon_description_text'  data-responsive-json-new='{\"font-size\":\"desktop:13px;\",\"line-height\":\"desktop:18px;\"}'  style=\"\"><p>CMS DeBacker (Brussels)<br \/>\nSenior Associate<\/p>\n<\/div><\/div><div class=\"icon_list_connector\"  style=\"border-right-width: 1px;border-right-style: dashed;border-color: #333333;\"><\/div><\/li><li class=\"icon_list_item\" style=\" font-size:51px;\"><div class=\"icon_list_icon\" data-animation=\"\" data-animation-delay=\"03\" style=\"font-size:17px;border-width:1px;border-style:none;background:#ffffff;color:#86c548;border-color:#333333;\"><i class=\"Defaults-circle-o\" ><\/i><\/div><div class=\"icon_description\" id=\"Info-list-wrap-8457\" style=\"font-size:17px;\"><h3 class=\"ult-responsive info-list-heading\"  data-ultimate-target='#Info-list-wrap-8457 h3'  data-responsive-json-new='{\"font-size\":\"desktop:16px;\",\"line-height\":\"desktop:24px;\"}'  style=\"\">1999 - 2007<\/h3><div class=\"icon_description_text ult-responsive\"  data-ultimate-target='#Info-list-wrap-8457 .icon_description_text'  data-responsive-json-new='{\"font-size\":\"desktop:13px;\",\"line-height\":\"desktop:18px;\"}'  style=\"\"><p>CMS DeBacker (Brussels)<br \/>\nLawyer<\/p>\n<\/div><\/div><div class=\"icon_list_connector\"  style=\"border-right-width: 1px;border-right-style: dashed;border-color: #333333;\"><\/div><\/li><li class=\"icon_list_item\" style=\" font-size:51px;\"><div class=\"icon_list_icon\" data-animation=\"\" data-animation-delay=\"03\" style=\"font-size:17px;border-width:1px;border-style:none;background:#ffffff;color:#86c548;border-color:#333333;\"><i class=\"Defaults-circle-o\" ><\/i><\/div><div class=\"icon_description\" id=\"Info-list-wrap-6568\" style=\"font-size:17px;\"><h3 class=\"ult-responsive info-list-heading\"  data-ultimate-target='#Info-list-wrap-6568 h3'  data-responsive-json-new='{\"font-size\":\"desktop:16px;\",\"line-height\":\"desktop:24px;\"}'  style=\"\">1998 \u2013 1999<\/h3><div class=\"icon_description_text ult-responsive\"  data-ultimate-target='#Info-list-wrap-6568 .icon_description_text'  data-responsive-json-new='{\"font-size\":\"desktop:13px;\",\"line-height\":\"desktop:18px;\"}'  style=\"\"><p>Monsanto (Washington D.C.)<br \/>\nRegulatory &amp; Public Affairs<\/p>\n<\/div><\/div><div class=\"icon_list_connector\"  style=\"border-right-width: 1px;border-right-style: dashed;border-color: #333333;\"><\/div><\/li><\/ul><\/div><div class=\"vcex-spacing wpex-w-100 wpex-clear\" style=\"height:20px\"><\/div><div class=\"vcex-heading vcex-module wpex-text-2xl wpex-font-normal wpex-m-auto wpex-max-w-100 vcex-heading-plain wpex-block\" style=\"color:#86c548;font-size:18px;\"><span class=\"vcex-heading-inner wpex-inline-block wpex-clr\">DIPLOMAS AND QUALIFICATIONS<\/span><\/div>[vc_separator]<div class=\"vcex-spacing wpex-w-100 wpex-clear\" style=\"height:20px\"><\/div>[vc_column_text]<span style=\"font-size: 16px; font-weight: bold; color: #000000;\"> 2016 <\/span><br \/>\n<strong>Monaco Bar<\/strong><\/p>\n<p><span style=\"font-size: 16px; font-weight: bold; color: #000000;\"> 1999 \u2013 2016 <\/span><br \/>\n<strong>Brussels Bar<\/strong><\/p>\n<p><span style=\"font-size: 16px; font-weight: bold; color: #000000;\"> 1998 \u2013 1999 <\/span><br \/>\n<strong>ICHEC Brussels Management School<\/strong><br \/>\nMaster in management<br \/>\nWinner of the Procter &amp; Gamble grant<\/p>\n<p><span style=\"font-size: 16px; font-weight: bold; color: #000000;\"> 1998 <\/span><br \/>\n<strong>University of Alcala de Henares (Madrid)<\/strong><br \/>\nExchange program<br \/>\nMagna cum laude<\/p>\n<p><span style=\"font-size: 16px; font-weight: bold; color: #000000;\"> 1993 \u2013 1998 <\/span><br \/>\n<strong>UCL (Catholic University of Louvain)<\/strong><br \/>\nLaw degree<br \/>\nMagna cum laude[\/vc_column_text]<div class=\"vcex-spacing wpex-w-100 wpex-clear\" style=\"height:20px\"><\/div><div class=\"vcex-heading vcex-module wpex-text-2xl wpex-font-normal wpex-m-auto wpex-max-w-100 vcex-heading-plain wpex-block\" style=\"color:#86c548;font-size:18px;\"><span class=\"vcex-heading-inner wpex-inline-block wpex-clr\">LANGUAGES<\/span><\/div>[vc_separator]<div class=\"vcex-spacing wpex-w-100 wpex-clear\" style=\"height:20px\"><\/div><div class=\"vcex-module vcex-bullets vcex-bullets-check\">\n<ul>\n<li>French<\/li>\n<li>English<\/li>\n<li>Dutch (passive)<\/li>\n<li>Spanish (passive)<\/li>\n<\/ul>\n<\/div><div class=\"vcex-spacing wpex-w-100 wpex-clear\" style=\"height:20px\"><\/div>[\/vc_column][vc_column width=\u00a0\u00bb1\/2&Prime; css=\u00a0\u00bb.vc_custom_1456260616894{margin-bottom: 0px !important;border-top-width: 1px !important;border-right-width: 1px !important;border-bottom-width: 1px !important;border-left-width: 1px !important;padding-top: 10px !important;padding-right: 10px !important;padding-bottom: 10px !important;padding-left: 10px !important;background-color: #ffffff !important;border-left-color: #ececec !important;border-right-color: #ececec !important;border-top-color: #ececec !important;border-bottom-color: #ececec !important;border-radius: 1px !important;}\u00a0\u00bb]<div class=\"vcex-spacing wpex-w-100 wpex-clear\" style=\"height:20px\"><\/div><div class=\"vcex-heading vcex-module wpex-text-2xl wpex-font-normal wpex-m-auto wpex-max-w-100 vcex-heading-plain wpex-block\" style=\"color:#86c548;font-size:18px;\"><span class=\"vcex-heading-inner wpex-inline-block wpex-clr\">MAIN AREAS OF ACTIVITY<\/span><\/div>[vc_separator]<div class=\"vcex-spacing wpex-w-100 wpex-clear\" style=\"height:10px\"><\/div>[vc_column_text]Pierre-Anne joined the Monaco bar in 2016.<\/p>\n<p>Strong with a 16-year experience at the Brussels bar, she advises private and public companies, when they are implicated in complex procedures linked to business or insurance law, whether they are in front of common jurisdictions or in the framework of arbitral proc\u00e9dures.<\/p>\n<p>Pierre-Anne assists both shareholders and administrators in the day-to-day decision making of their company as well as for investments or withdrawal operations from companies (public or private).<\/p>\n<p>She advises companies for all questions linked to the management and risk coverage, notably with the help of insurance policies (\u00ab Risk Management \u00bb).<\/p>\n<p>Pierre-Anne can also advise investors for the acquisition and registration of their yachts.[\/vc_column_text]<div class=\"vcex-spacing wpex-w-100 wpex-clear\" style=\"height:40px\"><\/div><div class=\"vcex-heading vcex-module wpex-text-2xl wpex-font-normal wpex-m-auto wpex-max-w-100 vcex-heading-plain wpex-block\" style=\"color:#86c548;font-size:18px;\"><span class=\"vcex-heading-inner wpex-inline-block wpex-clr\">PUBLICATIONS<\/span><\/div>[vc_separator]<div class=\"vcex-spacing wpex-w-100 wpex-clear\" style=\"height:10px\"><\/div>[vc_column_text]\u00a0\u00bb10 things every insurer should know\u00a0\u00bb<br \/>\nCMS Publication 2012.<\/p>\n<p>Seminar \u00ab\u00a0Les assurances garanties de passif\u00a0\u00bb<br \/>\n(Representations &amp; Warranties Insurance) &#8211; CEDCF (Centre d\u2019Etudes de Droit Comptable et Fiscal [Centre for Accounting and Fiscal Law Studies]).<\/p>\n<p>\u00ab\u00a0Insurance shake-up?\u00a0\u00bb<br \/>\nin UK Pension Revue, November 2010 with the cooperation of Pierre Slegers<\/p>\n<p>\u00ab\u00a0Directors &amp; Officers Risks in Europe\u00a0\u00bb<br \/>\nin Financier Worldwide, May 2010 \u2013 with the cooperation of CMS[\/vc_column_text]<div class=\"vcex-spacing wpex-w-100 wpex-clear\" style=\"height:40px\"><\/div><div class=\"vcex-heading vcex-module wpex-text-2xl wpex-font-normal wpex-m-auto wpex-max-w-100 vcex-heading-plain wpex-block\" style=\"color:#86c548;font-size:18px;\"><span class=\"vcex-heading-inner wpex-inline-block wpex-clr\">EXPERIENCES<\/span><\/div>[vc_separator]<div class=\"vcex-spacing wpex-w-100 wpex-clear\" style=\"height:10px\"><\/div>[vc_column_text]\n<ul>\n<li style=\"text-align: justify;\">Representation of an international insurance group for what may be regarded as the biggest litigation of the insurance market ever treated before Belgian Courts, and for the aviation sector, after 11 September 2001 (burning of four airliners).<\/li>\n<li style=\"text-align: justify;\">Advising a promoter of international size for the introduction of insurance and contracts that are useful in the development of its real estate projects.<\/li>\n<li style=\"text-align: justify;\">Assistance to public authorities in the conclusion and management of their housing stock.<\/li>\n<li style=\"text-align: justify;\">Corporate governance and strategy management within the Board of Directors of Belgian subsidiaries of multinational groups.<\/li>\n<\/ul>\n[\/vc_column_text]<div class=\"vcex-spacing wpex-w-100 wpex-clear\" style=\"height:40px\"><\/div><div class=\"vcex-heading vcex-module wpex-text-2xl wpex-font-normal wpex-m-auto wpex-max-w-100 vcex-heading-plain wpex-block\" style=\"color:#86c548;font-size:18px;\"><span class=\"vcex-heading-inner wpex-inline-block wpex-clr\">CONTACT<\/span><\/div>[vc_separator]<div class=\"vcex-spacing wpex-w-100 wpex-clear\" style=\"height:10px\"><\/div>[vc_column_text]<span style=\"font-size: 13px; color: #000000;\"><strong>PIERRE-ANNE NOGHES &#8211; du MONCEAU<\/strong><\/span><br \/>\nTel:\u00a0+377 92 16 70 00<br \/>\nFax :\u00a0\u00a0+377 92 16 70 30<br \/>\nEmail : <a href=\"mailto:pad@urbanlaw.be\">pad@noghesdumonceau.com<\/a>[\/vc_column_text]<div class=\"vcex-spacing wpex-w-100 wpex-clear\" style=\"height:20px\"><\/div><div class=\"textcenter theme-button-wrap wpex-clr\"><a href=\"https:\/\/www.noghesdumonceau.com\/file\/cartes_de_visite\/Pierre-Anne-Noghes-du-Monceau.vcf\" title=\"Business cards\" class=\"vcex-button theme-button graphical green align-center inline\" target=\"_blank\" rel=\"noopener noreferrer\"><span class=\"theme-button-inner\"><span class=\"vcex-icon-wrap theme-button-icon-left\"><span class=\"ticon ticon-arrow-right\" aria-hidden=\"true\"><\/span><\/span>Business cards<\/span><\/a><\/div> [\/vc_column][\/vc_row]\n","protected":false},"excerpt":{"rendered":"<p>[vc_row center_row=\u00a0\u00bbyes\u00a0\u00bb bg_style=\u00a0\u00bbstretch\u00a0\u00bb css=\u00a0\u00bb.vc_custom_1451854772542{margin-bottom: 40px !important;border-top-width: 1px !important;border-bottom-width: 1px !important;padding-top: 30px !important;padding-bottom: 30px !important;background-color: #f5f5f5 !important;border-top-color: #ededed !important;border-top-style: solid !important;border-bottom-color: #ededed !important;border-bottom-style: solid !important;}\u00a0\u00bb][vc_column width=\u00a0\u00bb1\/2&Prime; css=\u00a0\u00bb.vc_custom_1451853406869{border-top-width: 1px !important;border-right-width: 1px !important;border-bottom-width: 1px !important;border-left-width: 1px !important;padding-top: 10px !important;padding-right: 10px !important;padding-bottom: 10px !important;padding-left:&hellip;<\/p>\n","protected":false},"author":1,"featured_media":0,"parent":0,"menu_order":0,"comment_status":"closed","ping_status":"closed","template":"","meta":{"footnotes":""},"yoast_head":"<!-- This site is optimized with the Yoast SEO plugin v21.2 - https:\/\/yoast.com\/wordpress\/plugins\/seo\/ -->\n<title>cv Pierre-Anne Nogh\u00e8s-du Monceau - Avocats et Juristes \u00e0 Monaco, Nogh\u00e8s-du Monceau<\/title>\n<meta name=\"robots\" content=\"index, follow, max-snippet:-1, max-image-preview:large, max-video-preview:-1\" \/>\n<link rel=\"canonical\" href=\"https:\/\/www.noghesdumonceau.com\/cv-pierre-anne-noghes-du-monceau\/\" \/>\n<meta property=\"og:locale\" content=\"fr_FR\" \/>\n<meta property=\"og:type\" content=\"article\" \/>\n<meta property=\"og:title\" content=\"cv Pierre-Anne Nogh\u00e8s-du Monceau - Avocats et Juristes \u00e0 Monaco, Nogh\u00e8s-du Monceau\" \/>\n<meta property=\"og:description\" content=\"[vc_row center_row=\u00a0\u00bbyes\u00a0\u00bb bg_style=\u00a0\u00bbstretch\u00a0\u00bb css=\u00a0\u00bb.vc_custom_1451854772542{margin-bottom: 40px !important;border-top-width: 1px !important;border-bottom-width: 1px !important;padding-top: 30px !important;padding-bottom: 30px !important;background-color: #f5f5f5 !important;border-top-color: #ededed !important;border-top-style: solid !important;border-bottom-color: #ededed !important;border-bottom-style: solid !important;}\u00a0\u00bb][vc_column width=\u00a0\u00bb1\/2&Prime; css=\u00a0\u00bb.vc_custom_1451853406869{border-top-width: 1px !important;border-right-width: 1px !important;border-bottom-width: 1px !important;border-left-width: 1px !important;padding-top: 10px !important;padding-right: 10px !important;padding-bottom: 10px !important;padding-left:&hellip;\" \/>\n<meta property=\"og:url\" content=\"https:\/\/www.noghesdumonceau.com\/en\/cv-pierre-anne-noghes-du-monceau\/\" \/>\n<meta property=\"og:site_name\" content=\"Avocats et Juristes \u00e0 Monaco, Nogh\u00e8s-du Monceau\" \/>\n<meta property=\"article:modified_time\" content=\"2020-11-04T17:27:20+00:00\" \/>\n<meta name=\"twitter:card\" content=\"summary_large_image\" \/>\n<meta name=\"twitter:label1\" content=\"Dur\u00e9e de lecture estim\u00e9e\" \/>\n\t<meta name=\"twitter:data1\" content=\"4 minutes\" \/>\n<script type=\"application\/ld+json\" class=\"yoast-schema-graph\">{\"@context\":\"https:\/\/schema.org\",\"@graph\":[{\"@type\":\"WebPage\",\"@id\":\"https:\/\/www.noghesdumonceau.com\/en\/cv-pierre-anne-noghes-du-monceau\/\",\"url\":\"https:\/\/www.noghesdumonceau.com\/en\/cv-pierre-anne-noghes-du-monceau\/\",\"name\":\"cv Pierre-Anne Nogh\u00e8s-du Monceau - Avocats et Juristes \u00e0 Monaco, Nogh\u00e8s-du Monceau\",\"isPartOf\":{\"@id\":\"https:\/\/www.noghesdumonceau.com\/#website\"},\"datePublished\":\"2016-04-10T17:38:54+00:00\",\"dateModified\":\"2020-11-04T17:27:20+00:00\",\"breadcrumb\":{\"@id\":\"https:\/\/www.noghesdumonceau.com\/en\/cv-pierre-anne-noghes-du-monceau\/#breadcrumb\"},\"inLanguage\":\"fr-FR\",\"potentialAction\":[{\"@type\":\"ReadAction\",\"target\":[\"https:\/\/www.noghesdumonceau.com\/en\/cv-pierre-anne-noghes-du-monceau\/\"]}]},{\"@type\":\"BreadcrumbList\",\"@id\":\"https:\/\/www.noghesdumonceau.com\/en\/cv-pierre-anne-noghes-du-monceau\/#breadcrumb\",\"itemListElement\":[{\"@type\":\"ListItem\",\"position\":1,\"name\":\"Accueil\",\"item\":\"https:\/\/www.noghesdumonceau.com\/\"},{\"@type\":\"ListItem\",\"position\":2,\"name\":\"cv Pierre-Anne Nogh\u00e8s-du Monceau\"}]},{\"@type\":\"WebSite\",\"@id\":\"https:\/\/www.noghesdumonceau.com\/#website\",\"url\":\"https:\/\/www.noghesdumonceau.com\/\",\"name\":\"Nogh\u00e8s-du-Monceau Law Firm Monaco\",\"description\":\"Nogh\u00e8s-du-Monceau Law Firm Monaco\",\"potentialAction\":[{\"@type\":\"SearchAction\",\"target\":{\"@type\":\"EntryPoint\",\"urlTemplate\":\"https:\/\/www.noghesdumonceau.com\/?s={search_term_string}\"},\"query-input\":\"required name=search_term_string\"}],\"inLanguage\":\"fr-FR\"}]}<\/script>\n<!-- \/ Yoast SEO plugin. -->","yoast_head_json":{"title":"cv Pierre-Anne Nogh\u00e8s-du Monceau - Avocats et Juristes \u00e0 Monaco, Nogh\u00e8s-du Monceau","robots":{"index":"index","follow":"follow","max-snippet":"max-snippet:-1","max-image-preview":"max-image-preview:large","max-video-preview":"max-video-preview:-1"},"canonical":"https:\/\/www.noghesdumonceau.com\/cv-pierre-anne-noghes-du-monceau\/","og_locale":"fr_FR","og_type":"article","og_title":"cv Pierre-Anne Nogh\u00e8s-du Monceau - Avocats et Juristes \u00e0 Monaco, Nogh\u00e8s-du Monceau","og_description":"[vc_row center_row=\u00a0\u00bbyes\u00a0\u00bb bg_style=\u00a0\u00bbstretch\u00a0\u00bb css=\u00a0\u00bb.vc_custom_1451854772542{margin-bottom: 40px !important;border-top-width: 1px !important;border-bottom-width: 1px !important;padding-top: 30px !important;padding-bottom: 30px !important;background-color: #f5f5f5 !important;border-top-color: #ededed !important;border-top-style: solid !important;border-bottom-color: #ededed !important;border-bottom-style: solid !important;}\u00a0\u00bb][vc_column width=\u00a0\u00bb1\/2&Prime; css=\u00a0\u00bb.vc_custom_1451853406869{border-top-width: 1px !important;border-right-width: 1px !important;border-bottom-width: 1px !important;border-left-width: 1px !important;padding-top: 10px !important;padding-right: 10px !important;padding-bottom: 10px !important;padding-left:&hellip;","og_url":"https:\/\/www.noghesdumonceau.com\/en\/cv-pierre-anne-noghes-du-monceau\/","og_site_name":"Avocats et Juristes \u00e0 Monaco, Nogh\u00e8s-du Monceau","article_modified_time":"2020-11-04T17:27:20+00:00","twitter_card":"summary_large_image","twitter_misc":{"Dur\u00e9e de lecture estim\u00e9e":"4 minutes"},"schema":{"@context":"https:\/\/schema.org","@graph":[{"@type":"WebPage","@id":"https:\/\/www.noghesdumonceau.com\/en\/cv-pierre-anne-noghes-du-monceau\/","url":"https:\/\/www.noghesdumonceau.com\/en\/cv-pierre-anne-noghes-du-monceau\/","name":"cv Pierre-Anne Nogh\u00e8s-du Monceau - Avocats et Juristes \u00e0 Monaco, Nogh\u00e8s-du Monceau","isPartOf":{"@id":"https:\/\/www.noghesdumonceau.com\/#website"},"datePublished":"2016-04-10T17:38:54+00:00","dateModified":"2020-11-04T17:27:20+00:00","breadcrumb":{"@id":"https:\/\/www.noghesdumonceau.com\/en\/cv-pierre-anne-noghes-du-monceau\/#breadcrumb"},"inLanguage":"fr-FR","potentialAction":[{"@type":"ReadAction","target":["https:\/\/www.noghesdumonceau.com\/en\/cv-pierre-anne-noghes-du-monceau\/"]}]},{"@type":"BreadcrumbList","@id":"https:\/\/www.noghesdumonceau.com\/en\/cv-pierre-anne-noghes-du-monceau\/#breadcrumb","itemListElement":[{"@type":"ListItem","position":1,"name":"Accueil","item":"https:\/\/www.noghesdumonceau.com\/"},{"@type":"ListItem","position":2,"name":"cv Pierre-Anne Nogh\u00e8s-du Monceau"}]},{"@type":"WebSite","@id":"https:\/\/www.noghesdumonceau.com\/#website","url":"https:\/\/www.noghesdumonceau.com\/","name":"Nogh\u00e8s-du-Monceau Law Firm Monaco","description":"Nogh\u00e8s-du-Monceau Law Firm Monaco","potentialAction":[{"@type":"SearchAction","target":{"@type":"EntryPoint","urlTemplate":"https:\/\/www.noghesdumonceau.com\/?s={search_term_string}"},"query-input":"required name=search_term_string"}],"inLanguage":"fr-FR"}]}},"_links":{"self":[{"href":"https:\/\/www.noghesdumonceau.com\/rest\/wp\/v2\/pages\/5625"}],"collection":[{"href":"https:\/\/www.noghesdumonceau.com\/rest\/wp\/v2\/pages"}],"about":[{"href":"https:\/\/www.noghesdumonceau.com\/rest\/wp\/v2\/types\/page"}],"author":[{"embeddable":true,"href":"https:\/\/www.noghesdumonceau.com\/rest\/wp\/v2\/users\/1"}],"replies":[{"embeddable":true,"href":"https:\/\/www.noghesdumonceau.com\/rest\/wp\/v2\/comments?post=5625"}],"version-history":[{"count":4,"href":"https:\/\/www.noghesdumonceau.com\/rest\/wp\/v2\/pages\/5625\/revisions"}],"predecessor-version":[{"id":6429,"href":"https:\/\/www.noghesdumonceau.com\/rest\/wp\/v2\/pages\/5625\/revisions\/6429"}],"wp:attachment":[{"href":"https:\/\/www.noghesdumonceau.com\/rest\/wp\/v2\/media?parent=5625"}],"curies":[{"name":"wp","href":"https:\/\/api.w.org\/{rel}","templated":true}]}}