{"id":5023,"date":"2016-03-10T22:10:28","date_gmt":"2016-03-10T21:10:28","guid":{"rendered":"https:\/\/www.noghesdumonceau.com\/?page_id=5023"},"modified":"2020-11-19T12:04:41","modified_gmt":"2020-11-19T11:04:41","slug":"avocat-barreau-de-monaco","status":"publish","type":"page","link":"https:\/\/www.noghesdumonceau.com\/avocat-barreau-de-monaco\/","title":{"rendered":"Pierre-Anne Nogh\u00e8s-du Monceau, Avocat D\u00e9fenseur au Barreau de Monaco"},"content":{"rendered":"[vc_row center_row=\u00a0\u00bbyes\u00a0\u00bb bg_style=\u00a0\u00bbstretch\u00a0\u00bb css=\u00a0\u00bb.vc_custom_1451854772542{margin-bottom: 40px !important;border-top-width: 1px !important;border-bottom-width: 1px !important;padding-top: 30px !important;padding-bottom: 30px !important;background-color: #f5f5f5 !important;border-top-color: #ededed !important;border-top-style: solid !important;border-bottom-color: #ededed !important;border-bottom-style: solid !important;}\u00a0\u00bb][vc_column width=\u00a0\u00bb1\/2&Prime; css=\u00a0\u00bb.vc_custom_1451853406869{border-top-width: 1px !important;border-right-width: 1px !important;border-bottom-width: 1px !important;border-left-width: 1px !important;padding-top: 10px !important;padding-right: 10px !important;padding-bottom: 10px !important;padding-left: 10px !important;background-color: #ffffff !important;border-left-color: #ececec !important;border-left-style: solid !important;border-right-color: #ececec !important;border-right-style: solid !important;border-top-color: #ececec !important;border-top-style: solid !important;border-bottom-color: #ececec !important;border-bottom-style: solid !important;border-radius: 1px !important;}\u00a0\u00bb]<div class=\"vcex-heading vcex-module wpex-text-2xl wpex-font-normal wpex-m-auto wpex-max-w-100 vcex-heading-bottom-border-w-color wpex-block wpex-text-left wpex-border-b-2 wpex-border-solid wpex-border-gray-200\" style=\"color:#636363;font-size:18px;\"><span class=\"vcex-heading-inner wpex-inline-block wpex-clr wpex-relative wpex-pb-5 wpex-border-b-2 wpex-border-solid wpex-border-accent\" style=\"border-color:#86c548;\">Pierre-Anne Noghes-du Monceau<br \/>\nAvocat-D\u00e9fenseur au Barreau de Monaco<\/span><\/div><div class=\"vcex-spacing wpex-w-100 wpex-clear\" style=\"height:20px\"><\/div>[vc_single_image image=\u00a0\u00bb4442&Prime; alignment=\u00a0\u00bbcenter\u00a0\u00bb style=\u00a0\u00bbvc_box_shadow_3d\u00a0\u00bb]<div class=\"vcex-heading vcex-module wpex-text-2xl wpex-font-normal wpex-m-auto wpex-max-w-100 vcex-heading-plain wpex-block\" style=\"color:#86c548;font-size:18px;\"><span class=\"vcex-heading-inner wpex-inline-block wpex-clr\">EXPERIENCE PROFESSIONNELLE<\/span><\/div>[vc_separator]<div class=\"vcex-spacing wpex-w-100 wpex-clear\" style=\"height:20px\"><\/div><div class=\"smile_icon_list_wrap ult_info_list_container ult-adjust-bottom-margin  \"><ul class=\"smile_icon_list left square with_bg\"><li class=\"icon_list_item\" style=\" font-size:51px;\"><div class=\"icon_list_icon\" data-animation=\"\" data-animation-delay=\"03\" style=\"font-size:17px;border-width:1px;border-style:none;background:#ffffff;color:#86c548;border-color:#333333;\"><i class=\"Defaults-circle-o\" ><\/i><\/div><div class=\"icon_description\" id=\"Info-list-wrap-2066\" style=\"font-size:17px;\"><h3 class=\"ult-responsive info-list-heading\"  data-ultimate-target='#Info-list-wrap-2066 h3'  data-responsive-json-new='{\"font-size\":\"desktop:16px;\",\"line-height\":\"desktop:24px;\"}'  style=\"\">2016<\/h3><div class=\"icon_description_text ult-responsive\"  data-ultimate-target='#Info-list-wrap-2066 .icon_description_text'  data-responsive-json-new='{\"font-size\":\"desktop:13px;\",\"line-height\":\"desktop:18px;\"}'  style=\"\"><p>Nogh\u00e8s \u2013 du Monceau<br \/>\nAvocat<\/p>\n<\/div><\/div><div class=\"icon_list_connector\"  style=\"border-right-width: 1px;border-right-style: dashed;border-color: #333333;\"><\/div><\/li><li class=\"icon_list_item\" style=\" font-size:51px;\"><div class=\"icon_list_icon\" data-animation=\"\" data-animation-delay=\"03\" style=\"font-size:17px;border-width:1px;border-style:none;background:#ffffff;color:#86c548;border-color:#333333;\"><i class=\"Defaults-circle-o\" ><\/i><\/div><div class=\"icon_description\" id=\"Info-list-wrap-7571\" style=\"font-size:17px;\"><h3 class=\"ult-responsive info-list-heading\"  data-ultimate-target='#Info-list-wrap-7571 h3'  data-responsive-json-new='{\"font-size\":\"desktop:16px;\",\"line-height\":\"desktop:24px;\"}'  style=\"\">2013<\/h3><div class=\"icon_description_text ult-responsive\"  data-ultimate-target='#Info-list-wrap-7571 .icon_description_text'  data-responsive-json-new='{\"font-size\":\"desktop:13px;\",\"line-height\":\"desktop:18px;\"}'  style=\"\"><p>UrbanLaw<br \/>\nAvocat associ\u00e9<\/p>\n<\/div><\/div><div class=\"icon_list_connector\"  style=\"border-right-width: 1px;border-right-style: dashed;border-color: #333333;\"><\/div><\/li><li class=\"icon_list_item\" style=\" font-size:51px;\"><div class=\"icon_list_icon\" data-animation=\"\" data-animation-delay=\"03\" style=\"font-size:17px;border-width:1px;border-style:none;background:#ffffff;color:#86c548;border-color:#333333;\"><i class=\"Defaults-circle-o\" ><\/i><\/div><div class=\"icon_description\" id=\"Info-list-wrap-3226\" style=\"font-size:17px;\"><h3 class=\"ult-responsive info-list-heading\"  data-ultimate-target='#Info-list-wrap-3226 h3'  data-responsive-json-new='{\"font-size\":\"desktop:16px;\",\"line-height\":\"desktop:24px;\"}'  style=\"\">2007 - 2012<\/h3><div class=\"icon_description_text ult-responsive\"  data-ultimate-target='#Info-list-wrap-3226 .icon_description_text'  data-responsive-json-new='{\"font-size\":\"desktop:13px;\",\"line-height\":\"desktop:18px;\"}'  style=\"\"><p>CMS DeBacker (Bruxelles)<br \/>\nSenior Associate<\/p>\n<\/div><\/div><div class=\"icon_list_connector\"  style=\"border-right-width: 1px;border-right-style: dashed;border-color: #333333;\"><\/div><\/li><li class=\"icon_list_item\" style=\" font-size:51px;\"><div class=\"icon_list_icon\" data-animation=\"\" data-animation-delay=\"03\" style=\"font-size:17px;border-width:1px;border-style:none;background:#ffffff;color:#86c548;border-color:#333333;\"><i class=\"Defaults-circle-o\" ><\/i><\/div><div class=\"icon_description\" id=\"Info-list-wrap-3308\" style=\"font-size:17px;\"><h3 class=\"ult-responsive info-list-heading\"  data-ultimate-target='#Info-list-wrap-3308 h3'  data-responsive-json-new='{\"font-size\":\"desktop:16px;\",\"line-height\":\"desktop:24px;\"}'  style=\"\">1999 - 2007<\/h3><div class=\"icon_description_text ult-responsive\"  data-ultimate-target='#Info-list-wrap-3308 .icon_description_text'  data-responsive-json-new='{\"font-size\":\"desktop:13px;\",\"line-height\":\"desktop:18px;\"}'  style=\"\"><p>CMS DeBacker (Bruxelles)<br \/>\nAssociate<\/p>\n<\/div><\/div><div class=\"icon_list_connector\"  style=\"border-right-width: 1px;border-right-style: dashed;border-color: #333333;\"><\/div><\/li><li class=\"icon_list_item\" style=\" font-size:51px;\"><div class=\"icon_list_icon\" data-animation=\"\" data-animation-delay=\"03\" style=\"font-size:17px;border-width:1px;border-style:none;background:#ffffff;color:#86c548;border-color:#333333;\"><i class=\"Defaults-circle-o\" ><\/i><\/div><div class=\"icon_description\" id=\"Info-list-wrap-3381\" style=\"font-size:17px;\"><h3 class=\"ult-responsive info-list-heading\"  data-ultimate-target='#Info-list-wrap-3381 h3'  data-responsive-json-new='{\"font-size\":\"desktop:16px;\",\"line-height\":\"desktop:24px;\"}'  style=\"\">1998 \u2013 1999<\/h3><div class=\"icon_description_text ult-responsive\"  data-ultimate-target='#Info-list-wrap-3381 .icon_description_text'  data-responsive-json-new='{\"font-size\":\"desktop:13px;\",\"line-height\":\"desktop:18px;\"}'  style=\"\"><p>Monsanto (Washington D.C.)<br \/>\nRegulatory &amp; Public Affairs<\/p>\n<\/div><\/div><div class=\"icon_list_connector\"  style=\"border-right-width: 1px;border-right-style: dashed;border-color: #333333;\"><\/div><\/li><\/ul><\/div><div class=\"vcex-spacing wpex-w-100 wpex-clear\" style=\"height:20px\"><\/div><div class=\"vcex-heading vcex-module wpex-text-2xl wpex-font-normal wpex-m-auto wpex-max-w-100 vcex-heading-plain wpex-block\" style=\"color:#86c548;font-size:18px;\"><span class=\"vcex-heading-inner wpex-inline-block wpex-clr\">DIPL\u00d4MES ET QUALIFICATIONS<\/span><\/div>[vc_separator]<div class=\"vcex-spacing wpex-w-100 wpex-clear\" style=\"height:20px\"><\/div>[vc_column_text]<span style=\"font-size: 16px; font-weight: bold; color: #000000;\"> 2016 <\/span><br \/>\n<a href=\"https:\/\/barreaudemonaco.mc\/\"><strong>Barreau de Monaco<\/strong><\/a><\/p>\n<p><span style=\"font-size: 16px; font-weight: bold; color: #000000;\"> 1999 \u2013 2016 <\/span><br \/>\n<a href=\"https:\/\/barreaubruxelles.be\/\"><strong>Barreau de Bruxelles<\/strong><\/a><\/p>\n<p><span style=\"font-size: 16px; font-weight: bold; color: #000000;\"> 1998 \u2013 1999 <\/span><br \/>\n<strong>ICHEC Brussels Management School<\/strong><br \/>\nMaster en management<br \/>\nLaur\u00e9ate de la bourse Procter &amp; Gamble<\/p>\n<p><span style=\"font-size: 16px; font-weight: bold; color: #000000;\"> 1998 <\/span><br \/>\n<strong>Universit\u00e9 de Alcala de Henares (Madrid)<\/strong><br \/>\nProgramme d\u2019\u00e9change en droit<br \/>\nMention tr\u00e8s bien<\/p>\n<p><span style=\"font-size: 16px; font-weight: bold; color: #000000;\"> 1993 \u2013 1998 <\/span><br \/>\n<strong>Universit\u00e9 Catholique de Louvain (UCL)<\/strong><br \/>\nLicence en droit<br \/>\nMention tr\u00e8s bien[\/vc_column_text]<div class=\"vcex-spacing wpex-w-100 wpex-clear\" style=\"height:20px\"><\/div><div class=\"vcex-heading vcex-module wpex-text-2xl wpex-font-normal wpex-m-auto wpex-max-w-100 vcex-heading-plain wpex-block\" style=\"color:#86c548;font-size:18px;\"><span class=\"vcex-heading-inner wpex-inline-block wpex-clr\">LANGUES<\/span><\/div>[vc_separator]<div class=\"vcex-spacing wpex-w-100 wpex-clear\" style=\"height:20px\"><\/div><div class=\"vcex-module vcex-bullets vcex-bullets-check\">\n<ul>\n<li>Fran\u00e7ais<\/li>\n<li>Anglais<\/li>\n<li>N\u00e9erlandais (niveau \u00e9l\u00e9mentaire)<\/li>\n<li>Espagnol (niveau \u00e9l\u00e9mentaire)<\/li>\n<\/ul>\n<\/div><div class=\"vcex-spacing wpex-w-100 wpex-clear\" style=\"height:20px\"><\/div>[\/vc_column][vc_column width=\u00a0\u00bb1\/2&Prime; css=\u00a0\u00bb.vc_custom_1456260616894{margin-bottom: 0px !important;border-top-width: 1px !important;border-right-width: 1px !important;border-bottom-width: 1px !important;border-left-width: 1px !important;padding-top: 10px !important;padding-right: 10px !important;padding-bottom: 10px !important;padding-left: 10px !important;background-color: #ffffff !important;border-left-color: #ececec !important;border-right-color: #ececec !important;border-top-color: #ececec !important;border-bottom-color: #ececec !important;border-radius: 1px !important;}\u00a0\u00bb]<div class=\"vcex-spacing wpex-w-100 wpex-clear\" style=\"height:20px\"><\/div><div class=\"vcex-heading vcex-module wpex-text-2xl wpex-font-normal wpex-m-auto wpex-max-w-100 vcex-heading-plain wpex-block\" style=\"color:#86c548;font-size:18px;\"><span class=\"vcex-heading-inner wpex-inline-block wpex-clr\">PRINCIPAUX DOMAINES D\u2019ACTIVITES<\/span><\/div>[vc_separator]<div class=\"vcex-spacing wpex-w-100 wpex-clear\" style=\"height:10px\"><\/div>[vc_column_text]Pierre-Anne est <strong>Avocat au <a href=\"https:\/\/barreaudemonaco.mc\/\">barreau de Monaco<\/a><\/strong> depuis 2016.<\/p>\n<h3>Conseil:<\/h3>\n<p>Forte d\u2019une exp\u00e9rience de 16 ans aupr\u00e8s du <strong>barreau de Bruxelles<\/strong>, elle conseille les soci\u00e9t\u00e9s priv\u00e9es et publiques lorsque celles-ci sont notamment impliqu\u00e9es dans des proc\u00e9dures complexes li\u00e9es au droit commercial ou des assurances, qu\u2019elles soient engag\u00e9es devant les juridictions ordinaires ou dans le cadre de proc\u00e9dures arbitrales.<\/p>\n<h3>Accompagnement:<\/h3>\n<p>Pierre-Anne assiste les actionnaires ainsi que les administrateurs dans la prise de d\u00e9cisions relatives \u00e0 la gestion quotidienne de l\u2019entreprise ou encore concernant les investissements ou les op\u00e9rations de retrait envisag\u00e9s par les soci\u00e9t\u00e9s tant publiques que priv\u00e9es.<\/p>\n<p>Celle-ci conseille les entreprises pour toutes les questions li\u00e9es \u00e0 la gestion et \u00e0 la couverture des risques notamment \u00e0 travers les assurances (\u00ab Risk Management \u00bb).<\/p>\n<p style=\"text-align: justify;\">Pierre-Anne conseille \u00e9galement les investisseurs lors de l\u2019acquisition et de l\u2019immatriculation de leur yacht.<\/p>\n[\/vc_column_text]<div class=\"vcex-spacing wpex-w-100 wpex-clear\" style=\"height:40px\"><\/div><div class=\"vcex-heading vcex-module wpex-text-2xl wpex-font-normal wpex-m-auto wpex-max-w-100 vcex-heading-plain wpex-block\" style=\"color:#86c548;font-size:18px;\"><span class=\"vcex-heading-inner wpex-inline-block wpex-clr\">PUBLICATIONS<\/span><\/div>[vc_separator]<div class=\"vcex-spacing wpex-w-100 wpex-clear\" style=\"height:10px\"><\/div>[vc_column_text]\u00ab 10 things every insurer should know \u00bb<br \/>\nPublication CMS 2012.<\/p>\n<p>S\u00e9minaire \u00ab Les assurances garanties de passif \u00bb<br \/>\nCEDCF (Centre d\u2019Etudes de Droit Comptable et Fiscal).<\/p>\n<p>\u00ab Insurance shake-up? \u00bb<br \/>\nUK Pension Revue, novembre 2010 en coop\u00e9ration avec Pierre Slegers.<\/p>\n<p>\u00ab Directors &amp; Officers Risks in Europe \u00bb<br \/>\nin Financier Worldwide, mai 2010 \u2013 en cooperation avec CMS.[\/vc_column_text]<div class=\"vcex-spacing wpex-w-100 wpex-clear\" style=\"height:40px\"><\/div><div class=\"vcex-heading vcex-module wpex-text-2xl wpex-font-normal wpex-m-auto wpex-max-w-100 vcex-heading-plain wpex-block\" style=\"color:#86c548;font-size:18px;\"><span class=\"vcex-heading-inner wpex-inline-block wpex-clr\">EXP\u00c9RIENCE<\/span><\/div>[vc_separator]<div class=\"vcex-spacing wpex-w-100 wpex-clear\" style=\"height:10px\"><\/div>[vc_column_text]\n<ul>\n<li style=\"text-align: justify;\">Repr\u00e9sentation d\u2019un groupe international d\u2019assurances pour ce qui peut \u00eatre consid\u00e9r\u00e9 comme le plus gros contentieux du march\u00e9 de l\u2019assurance jamais trait\u00e9 devant les tribunaux belges et, pour le secteur de l\u2019aviation, depuis le 11 septembre 2001 (incendie de quatre avions de ligne).<\/li>\n<li style=\"text-align: justify;\">Conseils \u00e0 un promoteur de taille internationale pour la mise en place des contrats et assurances utiles au d\u00e9veloppement de ses projets immobiliers.<\/li>\n<li style=\"text-align: justify;\">Assistance des pouvoirs publics dans la conclusion et la gestion de leur parc immobilier.<\/li>\n<li style=\"text-align: justify;\">Gestion de la corporate governance et de la strat\u00e9gie au sein de conseils d\u2019administration de filiales belges de groupes multinationaux.<\/li>\n<\/ul>\n[\/vc_column_text]<div class=\"vcex-spacing wpex-w-100 wpex-clear\" style=\"height:40px\"><\/div><div class=\"vcex-heading vcex-module wpex-text-2xl wpex-font-normal wpex-m-auto wpex-max-w-100 vcex-heading-plain wpex-block\" style=\"color:#86c548;font-size:18px;\"><span class=\"vcex-heading-inner wpex-inline-block wpex-clr\">CONTACT<\/span><\/div>[vc_separator]<div class=\"vcex-spacing wpex-w-100 wpex-clear\" style=\"height:10px\"><\/div>[vc_column_text]<span style=\"font-size: 13px; color: #000000;\"><strong>PIERRE-ANNE NOGHES \u2013 du MONCEAU<\/strong><\/span><br \/>\nTel : + 377 92 16 70 00<br \/>\nFax :\u00a0\u00a0+377 92 16 70 30<br \/>\nEmail : <a href=\"mailto:pad@urbanlaw.be\">pad@noghesdumonceau.com<\/a>[\/vc_column_text]<div class=\"vcex-spacing wpex-w-100 wpex-clear\" style=\"height:20px\"><\/div><div class=\"textcenter theme-button-wrap wpex-clr\"><a href=\"https:\/\/www.noghesdumonceau.com\/file\/cartes_de_visite\/Pierre-Anne-Noghes-du-Monceau.vcf\" title=\"Consulter le curriculum vitae\" class=\"vcex-button theme-button graphical green align-center inline\" target=\"_blank\" rel=\"noopener noreferrer\"><span class=\"theme-button-inner\"><span class=\"vcex-icon-wrap theme-button-icon-left\"><span class=\"ticon ticon-arrow-right\" aria-hidden=\"true\"><\/span><\/span>Carte de visite<\/span><\/a><\/div> [\/vc_column][\/vc_row]\n","protected":false},"excerpt":{"rendered":"<p>[vc_row center_row=\u00a0\u00bbyes\u00a0\u00bb bg_style=\u00a0\u00bbstretch\u00a0\u00bb css=\u00a0\u00bb.vc_custom_1451854772542{margin-bottom: 40px !important;border-top-width: 1px !important;border-bottom-width: 1px !important;padding-top: 30px !important;padding-bottom: 30px !important;background-color: #f5f5f5 !important;border-top-color: #ededed !important;border-top-style: solid !important;border-bottom-color: #ededed !important;border-bottom-style: solid !important;}\u00a0\u00bb][vc_column width=\u00a0\u00bb1\/2&Prime; css=\u00a0\u00bb.vc_custom_1451853406869{border-top-width: 1px !important;border-right-width: 1px !important;border-bottom-width: 1px !important;border-left-width: 1px !important;padding-top: 10px !important;padding-right: 10px !important;padding-bottom: 10px !important;padding-left:&hellip;<\/p>\n","protected":false},"author":1,"featured_media":0,"parent":0,"menu_order":0,"comment_status":"closed","ping_status":"closed","template":"","meta":{"footnotes":""},"yoast_head":"<!-- This site is optimized with the Yoast SEO plugin v21.2 - https:\/\/yoast.com\/wordpress\/plugins\/seo\/ -->\n<title>Avocat d\u00e9fenseur \u00e0 Monaco, Pierre-Anne Nogh\u00e8s du Monceau.<\/title>\n<meta name=\"description\" content=\"Avocat d\u00e9fenseur au Barreau de Monaco, Ma\u00eetre Pierre-Anne Nogh\u00e8s-du Monceau Curriculum Vitae, Exp\u00e9riences et Comp\u00e9tences.\" \/>\n<meta name=\"robots\" content=\"index, follow, max-snippet:-1, max-image-preview:large, max-video-preview:-1\" \/>\n<link rel=\"canonical\" href=\"https:\/\/www.noghesdumonceau.com\/avocat-barreau-de-monaco\/\" \/>\n<meta property=\"og:locale\" content=\"fr_FR\" \/>\n<meta property=\"og:type\" content=\"article\" \/>\n<meta property=\"og:title\" content=\"Avocat d\u00e9fenseur \u00e0 Monaco, Pierre-Anne Nogh\u00e8s du Monceau.\" \/>\n<meta property=\"og:description\" content=\"Avocat d\u00e9fenseur au Barreau de Monaco, Ma\u00eetre Pierre-Anne Nogh\u00e8s-du Monceau Curriculum Vitae, Exp\u00e9riences et Comp\u00e9tences.\" \/>\n<meta property=\"og:url\" content=\"https:\/\/www.noghesdumonceau.com\/avocat-barreau-de-monaco\/\" \/>\n<meta property=\"og:site_name\" content=\"Avocats et Juristes \u00e0 Monaco, Nogh\u00e8s-du Monceau\" \/>\n<meta property=\"article:modified_time\" content=\"2020-11-19T11:04:41+00:00\" \/>\n<meta name=\"twitter:card\" content=\"summary_large_image\" \/>\n<meta name=\"twitter:label1\" content=\"Dur\u00e9e de lecture estim\u00e9e\" \/>\n\t<meta name=\"twitter:data1\" content=\"4 minutes\" \/>\n<script type=\"application\/ld+json\" class=\"yoast-schema-graph\">{\"@context\":\"https:\/\/schema.org\",\"@graph\":[{\"@type\":\"WebPage\",\"@id\":\"https:\/\/www.noghesdumonceau.com\/avocat-barreau-de-monaco\/\",\"url\":\"https:\/\/www.noghesdumonceau.com\/avocat-barreau-de-monaco\/\",\"name\":\"Avocat d\u00e9fenseur \u00e0 Monaco, Pierre-Anne Nogh\u00e8s du Monceau.\",\"isPartOf\":{\"@id\":\"https:\/\/www.noghesdumonceau.com\/#website\"},\"datePublished\":\"2016-03-10T21:10:28+00:00\",\"dateModified\":\"2020-11-19T11:04:41+00:00\",\"description\":\"Avocat d\u00e9fenseur au Barreau de Monaco, Ma\u00eetre Pierre-Anne Nogh\u00e8s-du Monceau Curriculum Vitae, Exp\u00e9riences et Comp\u00e9tences.\",\"breadcrumb\":{\"@id\":\"https:\/\/www.noghesdumonceau.com\/avocat-barreau-de-monaco\/#breadcrumb\"},\"inLanguage\":\"fr-FR\",\"potentialAction\":[{\"@type\":\"ReadAction\",\"target\":[\"https:\/\/www.noghesdumonceau.com\/avocat-barreau-de-monaco\/\"]}]},{\"@type\":\"BreadcrumbList\",\"@id\":\"https:\/\/www.noghesdumonceau.com\/avocat-barreau-de-monaco\/#breadcrumb\",\"itemListElement\":[{\"@type\":\"ListItem\",\"position\":1,\"name\":\"Accueil\",\"item\":\"https:\/\/www.noghesdumonceau.com\/\"},{\"@type\":\"ListItem\",\"position\":2,\"name\":\"Pierre-Anne Nogh\u00e8s-du Monceau, Avocat D\u00e9fenseur au Barreau de Monaco\"}]},{\"@type\":\"WebSite\",\"@id\":\"https:\/\/www.noghesdumonceau.com\/#website\",\"url\":\"https:\/\/www.noghesdumonceau.com\/\",\"name\":\"Nogh\u00e8s-du-Monceau Law Firm Monaco\",\"description\":\"Nogh\u00e8s-du-Monceau Law Firm Monaco\",\"potentialAction\":[{\"@type\":\"SearchAction\",\"target\":{\"@type\":\"EntryPoint\",\"urlTemplate\":\"https:\/\/www.noghesdumonceau.com\/?s={search_term_string}\"},\"query-input\":\"required name=search_term_string\"}],\"inLanguage\":\"fr-FR\"}]}<\/script>\n<!-- \/ Yoast SEO plugin. -->","yoast_head_json":{"title":"Avocat d\u00e9fenseur \u00e0 Monaco, Pierre-Anne Nogh\u00e8s du Monceau.","description":"Avocat d\u00e9fenseur au Barreau de Monaco, Ma\u00eetre Pierre-Anne Nogh\u00e8s-du Monceau Curriculum Vitae, Exp\u00e9riences et Comp\u00e9tences.","robots":{"index":"index","follow":"follow","max-snippet":"max-snippet:-1","max-image-preview":"max-image-preview:large","max-video-preview":"max-video-preview:-1"},"canonical":"https:\/\/www.noghesdumonceau.com\/avocat-barreau-de-monaco\/","og_locale":"fr_FR","og_type":"article","og_title":"Avocat d\u00e9fenseur \u00e0 Monaco, Pierre-Anne Nogh\u00e8s du Monceau.","og_description":"Avocat d\u00e9fenseur au Barreau de Monaco, Ma\u00eetre Pierre-Anne Nogh\u00e8s-du Monceau Curriculum Vitae, Exp\u00e9riences et Comp\u00e9tences.","og_url":"https:\/\/www.noghesdumonceau.com\/avocat-barreau-de-monaco\/","og_site_name":"Avocats et Juristes \u00e0 Monaco, Nogh\u00e8s-du Monceau","article_modified_time":"2020-11-19T11:04:41+00:00","twitter_card":"summary_large_image","twitter_misc":{"Dur\u00e9e de lecture estim\u00e9e":"4 minutes"},"schema":{"@context":"https:\/\/schema.org","@graph":[{"@type":"WebPage","@id":"https:\/\/www.noghesdumonceau.com\/avocat-barreau-de-monaco\/","url":"https:\/\/www.noghesdumonceau.com\/avocat-barreau-de-monaco\/","name":"Avocat d\u00e9fenseur \u00e0 Monaco, Pierre-Anne Nogh\u00e8s du Monceau.","isPartOf":{"@id":"https:\/\/www.noghesdumonceau.com\/#website"},"datePublished":"2016-03-10T21:10:28+00:00","dateModified":"2020-11-19T11:04:41+00:00","description":"Avocat d\u00e9fenseur au Barreau de Monaco, Ma\u00eetre Pierre-Anne Nogh\u00e8s-du Monceau Curriculum Vitae, Exp\u00e9riences et Comp\u00e9tences.","breadcrumb":{"@id":"https:\/\/www.noghesdumonceau.com\/avocat-barreau-de-monaco\/#breadcrumb"},"inLanguage":"fr-FR","potentialAction":[{"@type":"ReadAction","target":["https:\/\/www.noghesdumonceau.com\/avocat-barreau-de-monaco\/"]}]},{"@type":"BreadcrumbList","@id":"https:\/\/www.noghesdumonceau.com\/avocat-barreau-de-monaco\/#breadcrumb","itemListElement":[{"@type":"ListItem","position":1,"name":"Accueil","item":"https:\/\/www.noghesdumonceau.com\/"},{"@type":"ListItem","position":2,"name":"Pierre-Anne Nogh\u00e8s-du Monceau, Avocat D\u00e9fenseur au Barreau de Monaco"}]},{"@type":"WebSite","@id":"https:\/\/www.noghesdumonceau.com\/#website","url":"https:\/\/www.noghesdumonceau.com\/","name":"Nogh\u00e8s-du-Monceau Law Firm Monaco","description":"Nogh\u00e8s-du-Monceau Law Firm Monaco","potentialAction":[{"@type":"SearchAction","target":{"@type":"EntryPoint","urlTemplate":"https:\/\/www.noghesdumonceau.com\/?s={search_term_string}"},"query-input":"required name=search_term_string"}],"inLanguage":"fr-FR"}]}},"_links":{"self":[{"href":"https:\/\/www.noghesdumonceau.com\/rest\/wp\/v2\/pages\/5023"}],"collection":[{"href":"https:\/\/www.noghesdumonceau.com\/rest\/wp\/v2\/pages"}],"about":[{"href":"https:\/\/www.noghesdumonceau.com\/rest\/wp\/v2\/types\/page"}],"author":[{"embeddable":true,"href":"https:\/\/www.noghesdumonceau.com\/rest\/wp\/v2\/users\/1"}],"replies":[{"embeddable":true,"href":"https:\/\/www.noghesdumonceau.com\/rest\/wp\/v2\/comments?post=5023"}],"version-history":[{"count":4,"href":"https:\/\/www.noghesdumonceau.com\/rest\/wp\/v2\/pages\/5023\/revisions"}],"predecessor-version":[{"id":6873,"href":"https:\/\/www.noghesdumonceau.com\/rest\/wp\/v2\/pages\/5023\/revisions\/6873"}],"wp:attachment":[{"href":"https:\/\/www.noghesdumonceau.com\/rest\/wp\/v2\/media?parent=5023"}],"curies":[{"name":"wp","href":"https:\/\/api.w.org\/{rel}","templated":true}]}}