{"id":4595,"date":"2016-01-04T18:20:54","date_gmt":"2016-01-04T17:20:54","guid":{"rendered":"https:\/\/www.noghesdumonceau.com\/?page_id=4595"},"modified":"2020-12-21T16:33:12","modified_gmt":"2020-12-21T15:33:12","slug":"news","status":"publish","type":"page","link":"https:\/\/www.noghesdumonceau.com\/news\/","title":{"rendered":"Actualit\u00e9s"},"content":{"rendered":"[vc_row][vc_column]<div class=\"vcex-module vcex-post-type-grid-wrap wpex-clr\"><div class=\"wpex-row vcex-post-type-grid entries wpex-clr gap-30 match-height-grid\"><div class=\"vcex-post-type-entry vcex-grid-item wpex-clr col span_1_of_3  wpb_animate_when_almost_visible wpb_top-to-bottom top-to-bottom col-1 post-7414 entry type-post no-media cat-1\"><div class=\"vcex-post-type-entry-inner entry-inner wpex-first-mt-0 wpex-last-mb-0 wpex-clr\"><div class=\"vcex-post-type-entry-details entry-details wpex-bordered wpex-first-mt-0 wpex-last-mb-0 wpex-clr\"><div class=\"match-height-content\"><h2 class=\"vcex-post-type-entry-title entry-title wpex-mb-5\" ><a href=\"https:\/\/www.noghesdumonceau.com\/colloque-sur-le-droit-des-societes-a-monaco\/\">Colloque sur \u00ab\u00a0le Droit des Soci\u00e9t\u00e9s \u00e0 Monaco\u00a0\u00bb<\/a><\/h2 ><div class=\"vcex-post-type-entry-excerpt entry-excerpt wpex-my-15 wpex-last-mb-0 wpex-clr\"><p>L'Institut Monasque de Formation aux Professions Judiciaires (IMFPJ) a organis\u00e9&hellip;<\/p><\/div><div class=\"vcex-post-type-entry-readmore-wrap entry-readmore-wrap wpex-my-15 wpex-clr\"><a href=\"https:\/\/www.noghesdumonceau.com\/colloque-sur-le-droit-des-societes-a-monaco\/\" class=\"theme-button\">read more<\/a><\/div><\/div><\/div><\/div><\/div><div class=\"vcex-post-type-entry vcex-grid-item wpex-clr col span_1_of_3  wpb_animate_when_almost_visible wpb_top-to-bottom top-to-bottom col-2 post-7341 entry type-post no-media cat-1\"><div class=\"vcex-post-type-entry-inner entry-inner wpex-first-mt-0 wpex-last-mb-0 wpex-clr\"><div class=\"vcex-post-type-entry-details entry-details wpex-bordered wpex-first-mt-0 wpex-last-mb-0 wpex-clr\"><div class=\"match-height-content\"><h2 class=\"vcex-post-type-entry-title entry-title wpex-mb-5\" ><a href=\"https:\/\/www.noghesdumonceau.com\/projet-de-loi-relative-n1074-a-lindemnisation-des-victimes-dinfractions-a-caractere-sexuel-de-crimes-et-de-delits-envers-lenfant-et-de-violences-domestiques-vote-le-7\/\">Projet de loi relative n\u00b01074 \u00e0 l\u2019indemnisation des victimes d\u2019infractions \u00e0 caract\u00e8re sexuel, de crimes et de d\u00e9lits envers l\u2019enfant et de violences domestiques vot\u00e9 le 7 d\u00e9cembre 2023<\/a><\/h2 ><div class=\"vcex-post-type-entry-excerpt entry-excerpt wpex-my-15 wpex-last-mb-0 wpex-clr\"><p>Cette loi met en place un syst\u00e8me permettant aux victimes&hellip;<\/p><\/div><div class=\"vcex-post-type-entry-readmore-wrap entry-readmore-wrap wpex-my-15 wpex-clr\"><a href=\"https:\/\/www.noghesdumonceau.com\/projet-de-loi-relative-n1074-a-lindemnisation-des-victimes-dinfractions-a-caractere-sexuel-de-crimes-et-de-delits-envers-lenfant-et-de-violences-domestiques-vote-le-7\/\" class=\"theme-button\">read more<\/a><\/div><\/div><\/div><\/div><\/div><div class=\"vcex-post-type-entry vcex-grid-item wpex-clr col span_1_of_3  wpb_animate_when_almost_visible wpb_top-to-bottom top-to-bottom col-3 post-7322 entry type-post no-media cat-1\"><div class=\"vcex-post-type-entry-inner entry-inner wpex-first-mt-0 wpex-last-mb-0 wpex-clr\"><div class=\"vcex-post-type-entry-details entry-details wpex-bordered wpex-first-mt-0 wpex-last-mb-0 wpex-clr\"><div class=\"match-height-content\"><h2 class=\"vcex-post-type-entry-title entry-title wpex-mb-5\" ><a href=\"https:\/\/www.noghesdumonceau.com\/adoption-de-la-proposition-de-la-loi-n259-portant-modification-de-certaines-dispositions-de-la-loi-n729-du-16-mars-1963-relatives-au-contrat-de-travail-modifiee-et-instituant-la-rupture-c\/\">Adoption de la proposition de la loi n\u00b0259 portant modification de certaines dispositions de la Loi n\u00b0729 du 16 mars 1963 relatives au contrat de travail, modifi\u00e9e et instituant la rupture conventionnelle du contrat de travail.<\/a><\/h2 ><div class=\"vcex-post-type-entry-excerpt entry-excerpt wpex-my-15 wpex-last-mb-0 wpex-clr\"><p>Cette proposition a \u00e9t\u00e9 adopt\u00e9e le 28 novembre 2023. Les&hellip;<\/p><\/div><div class=\"vcex-post-type-entry-readmore-wrap entry-readmore-wrap wpex-my-15 wpex-clr\"><a href=\"https:\/\/www.noghesdumonceau.com\/adoption-de-la-proposition-de-la-loi-n259-portant-modification-de-certaines-dispositions-de-la-loi-n729-du-16-mars-1963-relatives-au-contrat-de-travail-modifiee-et-instituant-la-rupture-c\/\" class=\"theme-button\">read more<\/a><\/div><\/div><\/div><\/div><\/div><div class=\"vcex-post-type-entry vcex-grid-item wpex-clr col span_1_of_3  wpb_animate_when_almost_visible wpb_top-to-bottom top-to-bottom col-1 post-7320 entry type-post no-media cat-1\"><div class=\"vcex-post-type-entry-inner entry-inner wpex-first-mt-0 wpex-last-mb-0 wpex-clr\"><div class=\"vcex-post-type-entry-details entry-details wpex-bordered wpex-first-mt-0 wpex-last-mb-0 wpex-clr\"><div class=\"match-height-content\"><h2 class=\"vcex-post-type-entry-title entry-title wpex-mb-5\" ><a href=\"https:\/\/www.noghesdumonceau.com\/depot-du-projet-de-loi-n1-085-relative-au-droit-a-loubli-et-a-dautres-mesures-facilitant-lacces-au-credit\/\">D\u00e9p\u00f4t du projet de loi n\u00b01.085 relative au droit \u00e0 l&rsquo;oubli et \u00e0 d&rsquo;autres mesures facilitant l&rsquo;acc\u00e8s au cr\u00e9dit<\/a><\/h2 ><div class=\"vcex-post-type-entry-excerpt entry-excerpt wpex-my-15 wpex-last-mb-0 wpex-clr\"><p>Ce projet de loi est issu de la proposition de&hellip;<\/p><\/div><div class=\"vcex-post-type-entry-readmore-wrap entry-readmore-wrap wpex-my-15 wpex-clr\"><a href=\"https:\/\/www.noghesdumonceau.com\/depot-du-projet-de-loi-n1-085-relative-au-droit-a-loubli-et-a-dautres-mesures-facilitant-lacces-au-credit\/\" class=\"theme-button\">read more<\/a><\/div><\/div><\/div><\/div><\/div><div class=\"vcex-post-type-entry vcex-grid-item wpex-clr col span_1_of_3  wpb_animate_when_almost_visible wpb_top-to-bottom top-to-bottom col-2 post-7318 entry type-post no-media cat-1\"><div class=\"vcex-post-type-entry-inner entry-inner wpex-first-mt-0 wpex-last-mb-0 wpex-clr\"><div class=\"vcex-post-type-entry-details entry-details wpex-bordered wpex-first-mt-0 wpex-last-mb-0 wpex-clr\"><div class=\"match-height-content\"><h2 class=\"vcex-post-type-entry-title entry-title wpex-mb-5\" ><a href=\"https:\/\/www.noghesdumonceau.com\/depot-dun-projet-de-loi-n-1-086-instituant-un-conge-de-maternite-en-faveur-des-travailleurs-independants-affilies-a-la-caisse-dassurance-maladie-accident-et-maternite-des-travailleur\/\">D\u00e9p\u00f4t d\u2019un projet de loi n\u00b0 1.086 instituant un cong\u00e9 de maternit\u00e9 en faveur des travailleurs ind\u00e9pendants affili\u00e9s \u00e0 la Caisse d&rsquo;assurance maladie, accident et maternit\u00e9 des travailleurs ind\u00e9pendants (la \u00ab CAMTI \u00bb).<\/a><\/h2 ><div class=\"vcex-post-type-entry-excerpt entry-excerpt wpex-my-15 wpex-last-mb-0 wpex-clr\"><p>La CAMTI est la caisse d\u2019assurance maladie des travailleurs ind\u00e9pendants.&hellip;<\/p><\/div><div class=\"vcex-post-type-entry-readmore-wrap entry-readmore-wrap wpex-my-15 wpex-clr\"><a href=\"https:\/\/www.noghesdumonceau.com\/depot-dun-projet-de-loi-n-1-086-instituant-un-conge-de-maternite-en-faveur-des-travailleurs-independants-affilies-a-la-caisse-dassurance-maladie-accident-et-maternite-des-travailleur\/\" class=\"theme-button\">read more<\/a><\/div><\/div><\/div><\/div><\/div><div class=\"vcex-post-type-entry vcex-grid-item wpex-clr col span_1_of_3  wpb_animate_when_almost_visible wpb_top-to-bottom top-to-bottom col-3 post-7316 entry type-post no-media cat-1\"><div class=\"vcex-post-type-entry-inner entry-inner wpex-first-mt-0 wpex-last-mb-0 wpex-clr\"><div class=\"vcex-post-type-entry-details entry-details wpex-bordered wpex-first-mt-0 wpex-last-mb-0 wpex-clr\"><div class=\"match-height-content\"><h2 class=\"vcex-post-type-entry-title entry-title wpex-mb-5\" ><a href=\"https:\/\/www.noghesdumonceau.com\/arrete-ministeriel-n-2023-680-du-22-novembre-2023-portant-modification-de-larrete-ministeriel-n-2021-703-du-8-novembre-2021-modifie-relatif-a-la-liste-des-etats-ou-territoires-dont-les-3\/\">Arr\u00eat\u00e9 Minist\u00e9riel n\u00b0 2023-680 du 22 novembre 2023 portant modification de l&rsquo;arr\u00eat\u00e9 minist\u00e9riel n\u00b0 2021 703 du 8 novembre 2021, modifi\u00e9, relatif \u00e0 la liste des \u00c9tats ou territoires dont les dispositifs de lutte contre le blanchiment de capitaux, le financement du terrorisme ou la corruption pr\u00e9sentent des carences strat\u00e9giques, vis\u00e9e \u00e0 l&rsquo;article 14-1 de la loi n\u00b0 1.362 du 3 ao\u00fbt 2009, modifi\u00e9e.<\/a><\/h2 ><div class=\"vcex-post-type-entry-excerpt entry-excerpt wpex-my-15 wpex-last-mb-0 wpex-clr\"><p>L\u2019arr\u00eat\u00e9 Minist\u00e9riel du 22 novembre 2023 modifie l\u2019article 1er de&hellip;<\/p><\/div><div class=\"vcex-post-type-entry-readmore-wrap entry-readmore-wrap wpex-my-15 wpex-clr\"><a href=\"https:\/\/www.noghesdumonceau.com\/arrete-ministeriel-n-2023-680-du-22-novembre-2023-portant-modification-de-larrete-ministeriel-n-2021-703-du-8-novembre-2021-modifie-relatif-a-la-liste-des-etats-ou-territoires-dont-les-3\/\" class=\"theme-button\">read more<\/a><\/div><\/div><\/div><\/div><\/div><div class=\"vcex-post-type-entry vcex-grid-item wpex-clr col span_1_of_3  wpb_animate_when_almost_visible wpb_top-to-bottom top-to-bottom col-1 post-7314 entry type-post no-media cat-1\"><div class=\"vcex-post-type-entry-inner entry-inner wpex-first-mt-0 wpex-last-mb-0 wpex-clr\"><div class=\"vcex-post-type-entry-details entry-details wpex-bordered wpex-first-mt-0 wpex-last-mb-0 wpex-clr\"><div class=\"match-height-content\"><h2 class=\"vcex-post-type-entry-title entry-title wpex-mb-5\" ><a href=\"https:\/\/www.noghesdumonceau.com\/arrete-ministeriel-n-2023-680-du-22-novembre-2023-portant-modification-de-larrete-ministeriel-n-2021-703-du-8-novembre-2021-modifie-relatif-a-la-liste-des-etats-ou-territoires-dont-les-2\/\">Arr\u00eat\u00e9 Minist\u00e9riel n\u00b0 2023-680 du 22 novembre 2023 portant modification de l&rsquo;arr\u00eat\u00e9 minist\u00e9riel n\u00b0 2021 703 du 8 novembre 2021, modifi\u00e9, relatif \u00e0 la liste des \u00c9tats ou territoires dont les dispositifs de lutte contre le blanchiment de capitaux, le financement du terrorisme ou la corruption pr\u00e9sentent des carences strat\u00e9giques, vis\u00e9e \u00e0 l&rsquo;article 14-1 de la loi n\u00b0 1.362 du 3 ao\u00fbt 2009, modifi\u00e9e.<\/a><\/h2 ><div class=\"vcex-post-type-entry-excerpt entry-excerpt wpex-my-15 wpex-last-mb-0 wpex-clr\"><p>L\u2019arr\u00eat\u00e9 Minist\u00e9riel du 22 novembre 2023 modifie l\u2019article 1er de&hellip;<\/p><\/div><div class=\"vcex-post-type-entry-readmore-wrap entry-readmore-wrap wpex-my-15 wpex-clr\"><a href=\"https:\/\/www.noghesdumonceau.com\/arrete-ministeriel-n-2023-680-du-22-novembre-2023-portant-modification-de-larrete-ministeriel-n-2021-703-du-8-novembre-2021-modifie-relatif-a-la-liste-des-etats-ou-territoires-dont-les-2\/\" class=\"theme-button\">read more<\/a><\/div><\/div><\/div><\/div><\/div><div class=\"vcex-post-type-entry vcex-grid-item wpex-clr col span_1_of_3  wpb_animate_when_almost_visible wpb_top-to-bottom top-to-bottom col-2 post-7306 entry type-post no-media cat-1\"><div class=\"vcex-post-type-entry-inner entry-inner wpex-first-mt-0 wpex-last-mb-0 wpex-clr\"><div class=\"vcex-post-type-entry-details entry-details wpex-bordered wpex-first-mt-0 wpex-last-mb-0 wpex-clr\"><div class=\"match-height-content\"><h2 class=\"vcex-post-type-entry-title entry-title wpex-mb-5\" ><a href=\"https:\/\/www.noghesdumonceau.com\/sovereign-order-10-117-of-21-september-2023-amending-sovereign-order-3-573-of-11-may-1966-implementing-law-797-of-18-february-1966-on-civil-companies\/\">Ordonnance Souveraine n\u00b0 10.117 du 21 septembre 2023 portant modification de l&rsquo;Ordonnance Souveraine n\u00b0 3.573 du 11 mai 1966 portant application de la loi n\u00b0 797 du 18 f\u00e9vrier 1966 relative aux soci\u00e9t\u00e9s civiles.<\/a><\/h2 ><div class=\"vcex-post-type-entry-excerpt entry-excerpt wpex-my-15 wpex-last-mb-0 wpex-clr\"><p>La liste des documents \u00e0 fournir lors d\u2019une demande d\u2019inscription&hellip;<\/p><\/div><div class=\"vcex-post-type-entry-readmore-wrap entry-readmore-wrap wpex-my-15 wpex-clr\"><a href=\"https:\/\/www.noghesdumonceau.com\/sovereign-order-10-117-of-21-september-2023-amending-sovereign-order-3-573-of-11-may-1966-implementing-law-797-of-18-february-1966-on-civil-companies\/\" class=\"theme-button\">read more<\/a><\/div><\/div><\/div><\/div><\/div><div class=\"vcex-post-type-entry vcex-grid-item wpex-clr col span_1_of_3  wpb_animate_when_almost_visible wpb_top-to-bottom top-to-bottom col-3 post-7299 entry type-post no-media cat-1\"><div class=\"vcex-post-type-entry-inner entry-inner wpex-first-mt-0 wpex-last-mb-0 wpex-clr\"><div class=\"vcex-post-type-entry-details entry-details wpex-bordered wpex-first-mt-0 wpex-last-mb-0 wpex-clr\"><div class=\"match-height-content\"><h2 class=\"vcex-post-type-entry-title entry-title wpex-mb-5\" ><a href=\"https:\/\/www.noghesdumonceau.com\/ordonnance-souveraine-n-10-062-du-31-juillet-2023-modifiant-lordonnance-souveraine-n-2-271-du-6-juillet-2009-relative-a-la-determination-du-taux-de-lusure\/\">Ordonnance Souveraine n\u00b0 10.062 du 31 juillet 2023 modifiant l&rsquo;Ordonnance Souveraine n\u00b0 2.271 du 6 juillet 2009 relative \u00e0 la d\u00e9termination du taux de l&rsquo;usure<\/a><\/h2 ><div class=\"vcex-post-type-entry-excerpt entry-excerpt wpex-my-15 wpex-last-mb-0 wpex-clr\"><p>Le taux moyen d\u00e9termin\u00e9 dans les conditions vis\u00e9es \u00e0 l'article&hellip;<\/p><\/div><div class=\"vcex-post-type-entry-readmore-wrap entry-readmore-wrap wpex-my-15 wpex-clr\"><a href=\"https:\/\/www.noghesdumonceau.com\/ordonnance-souveraine-n-10-062-du-31-juillet-2023-modifiant-lordonnance-souveraine-n-2-271-du-6-juillet-2009-relative-a-la-determination-du-taux-de-lusure\/\" class=\"theme-button\">read more<\/a><\/div><\/div><\/div><\/div><\/div><div class=\"vcex-post-type-entry vcex-grid-item wpex-clr col span_1_of_3  wpb_animate_when_almost_visible wpb_top-to-bottom top-to-bottom col-1 post-7294 entry type-post no-media cat-1\"><div class=\"vcex-post-type-entry-inner entry-inner wpex-first-mt-0 wpex-last-mb-0 wpex-clr\"><div class=\"vcex-post-type-entry-details entry-details wpex-bordered wpex-first-mt-0 wpex-last-mb-0 wpex-clr\"><div class=\"match-height-content\"><h2 class=\"vcex-post-type-entry-title entry-title wpex-mb-5\" ><a href=\"https:\/\/www.noghesdumonceau.com\/arrete-ministeriel-n-2023-416-du-11-juillet-2023-portant-modification-de-larrete-ministeriel-n-2018-1079-du-21-novembre-2018-portant-reglement-relatif-aux-principes-generaux-de-securite\/\">Arr\u00eat\u00e9 Minist\u00e9riel n\u00b0 2023-416 du 11 juillet 2023 portant modification de l&rsquo;arr\u00eat\u00e9 minist\u00e9riel n\u00b0 2018 1079 du 21 novembre 2018 portant r\u00e8glement relatif aux principes g\u00e9n\u00e9raux de s\u00e9curit\u00e9 contre les risques d&rsquo;incendie et de panique dans les constructions.<\/a><\/h2 ><div class=\"vcex-post-type-entry-excerpt entry-excerpt wpex-my-15 wpex-last-mb-0 wpex-clr\"><p>Cet arr\u00eat\u00e9 rend obligatoire l\u2019installation d\u2019un d\u00e9tecteur de monoxyde de&hellip;<\/p><\/div><div class=\"vcex-post-type-entry-readmore-wrap entry-readmore-wrap wpex-my-15 wpex-clr\"><a href=\"https:\/\/www.noghesdumonceau.com\/arrete-ministeriel-n-2023-416-du-11-juillet-2023-portant-modification-de-larrete-ministeriel-n-2018-1079-du-21-novembre-2018-portant-reglement-relatif-aux-principes-generaux-de-securite\/\" class=\"theme-button\">read more<\/a><\/div><\/div><\/div><\/div><\/div><div class=\"vcex-post-type-entry vcex-grid-item wpex-clr col span_1_of_3  wpb_animate_when_almost_visible wpb_top-to-bottom top-to-bottom col-2 post-7289 entry type-post no-media cat-11\"><div class=\"vcex-post-type-entry-inner entry-inner wpex-first-mt-0 wpex-last-mb-0 wpex-clr\"><div class=\"vcex-post-type-entry-details entry-details wpex-bordered wpex-first-mt-0 wpex-last-mb-0 wpex-clr\"><div class=\"match-height-content\"><h2 class=\"vcex-post-type-entry-title entry-title wpex-mb-5\" ><a href=\"https:\/\/www.noghesdumonceau.com\/ordonnance-souveraine-n-9-966-du-30-juin-2023-modifiant-lordonnance-souveraine-n-605-du-1er-aout-2006-portant-application-de-la-convention-des-nations-unies-contre-la-criminalite-transna\/\">Ordonnance Souveraine n\u00b0 9.966 du 30 juin 2023 modifiant l&rsquo;Ordonnance Souveraine n\u00b0 605 du 1er ao\u00fbt 2006 portant application de la Convention des Nations Unies contre la criminalit\u00e9 transnationale organis\u00e9e, de son protocole additionnel visant \u00e0 pr\u00e9venir, r\u00e9primer et punir la traite des personnes, en particulier des femmes et des enfants, et de son protocole additionnel contre le trafic illicite de migrants par terre, air et mer, adopt\u00e9s \u00e0 New York le 15 novembre 2000, modifi\u00e9e<\/a><\/h2 ><div class=\"vcex-post-type-entry-excerpt entry-excerpt wpex-my-15 wpex-last-mb-0 wpex-clr\"><p>Dans le prolongement de l\u2019Ordonnance souveraine n\u00b0605 du 1er ao\u00fbt&hellip;<\/p><\/div><div class=\"vcex-post-type-entry-readmore-wrap entry-readmore-wrap wpex-my-15 wpex-clr\"><a href=\"https:\/\/www.noghesdumonceau.com\/ordonnance-souveraine-n-9-966-du-30-juin-2023-modifiant-lordonnance-souveraine-n-605-du-1er-aout-2006-portant-application-de-la-convention-des-nations-unies-contre-la-criminalite-transna\/\" class=\"theme-button\">read more<\/a><\/div><\/div><\/div><\/div><\/div><div class=\"vcex-post-type-entry vcex-grid-item wpex-clr col span_1_of_3  wpb_animate_when_almost_visible wpb_top-to-bottom top-to-bottom col-3 post-7285 entry type-post no-media cat-1\"><div class=\"vcex-post-type-entry-inner entry-inner wpex-first-mt-0 wpex-last-mb-0 wpex-clr\"><div class=\"vcex-post-type-entry-details entry-details wpex-bordered wpex-first-mt-0 wpex-last-mb-0 wpex-clr\"><div class=\"match-height-content\"><h2 class=\"vcex-post-type-entry-title entry-title wpex-mb-5\" ><a href=\"https:\/\/www.noghesdumonceau.com\/loi-n-1-546-du-20-avril-2023-portant-modification-des-articles-7-et-8-du-code-de-procedure-penale\/\">Loi n\u00b0 1.546 du 20 avril 2023 portant modification des articles 7 et 8 du Code de proc\u00e9dure p\u00e9nale<\/a><\/h2 ><div class=\"vcex-post-type-entry-excerpt entry-excerpt wpex-my-15 wpex-last-mb-0 wpex-clr\"><p>Suite au Cloud souverain, la Principaut\u00e9 se dote d\u2019une capacit\u00e9&hellip;<\/p><\/div><div class=\"vcex-post-type-entry-readmore-wrap entry-readmore-wrap wpex-my-15 wpex-clr\"><a href=\"https:\/\/www.noghesdumonceau.com\/loi-n-1-546-du-20-avril-2023-portant-modification-des-articles-7-et-8-du-code-de-procedure-penale\/\" class=\"theme-button\">read more<\/a><\/div><\/div><\/div><\/div><\/div><\/div><div class=\"wpex-pagination wpex-clear wpex-mt-30 wpex-clr\"><ul class='page-numbers'>\n\t<li><span aria-current=\"page\" class=\"page-numbers current\"><span class=\"screen-reader-text\">Page <\/span>1<\/span><\/li>\n\t<li><a class=\"page-numbers\" href=\"https:\/\/www.noghesdumonceau.com\/rest\/wp\/v2\/pages\/4595\/page\/2\/\"><span class=\"screen-reader-text\">Page <\/span>2<\/a><\/li>\n\t<li><a class=\"page-numbers\" href=\"https:\/\/www.noghesdumonceau.com\/rest\/wp\/v2\/pages\/4595\/page\/3\/\"><span class=\"screen-reader-text\">Page <\/span>3<\/a><\/li>\n\t<li><a class=\"page-numbers\" href=\"https:\/\/www.noghesdumonceau.com\/rest\/wp\/v2\/pages\/4595\/page\/4\/\"><span class=\"screen-reader-text\">Page <\/span>4<\/a><\/li>\n\t<li><span class=\"page-numbers dots\">\u2026<\/span><\/li>\n\t<li><a class=\"page-numbers\" href=\"https:\/\/www.noghesdumonceau.com\/rest\/wp\/v2\/pages\/4595\/page\/6\/\"><span class=\"screen-reader-text\">Page <\/span>6<\/a><\/li>\n\t<li><a class=\"next page-numbers\" href=\"https:\/\/www.noghesdumonceau.com\/rest\/wp\/v2\/pages\/4595\/page\/2\/\"><span class=\"ticon ticon-angle-right\" aria-hidden=\"true\"><\/span><span class=\"screen-reader-text\">Suivant<\/span><\/a><\/li>\n<\/ul>\n<\/div><\/div>[\/vc_column][\/vc_row][vc_row][vc_column][\/vc_column][\/vc_row]\n","protected":false},"excerpt":{"rendered":"<p>[vc_row][vc_column][\/vc_column][\/vc_row][vc_row][vc_column][\/vc_column][\/vc_row]<\/p>\n","protected":false},"author":6,"featured_media":0,"parent":0,"menu_order":0,"comment_status":"closed","ping_status":"closed","template":"","meta":{"footnotes":""},"yoast_head":"<!-- This site is optimized with the Yoast SEO plugin v21.2 - https:\/\/yoast.com\/wordpress\/plugins\/seo\/ -->\n<title>Actualit\u00e9s - Avocats et Juristes \u00e0 Monaco, Nogh\u00e8s-du Monceau<\/title>\n<meta name=\"robots\" content=\"index, follow, max-snippet:-1, max-image-preview:large, max-video-preview:-1\" \/>\n<link rel=\"canonical\" href=\"https:\/\/www.noghesdumonceau.com\/news\/\" \/>\n<meta property=\"og:locale\" content=\"fr_FR\" \/>\n<meta property=\"og:type\" content=\"article\" \/>\n<meta property=\"og:title\" content=\"Actualit\u00e9s - Avocats et Juristes \u00e0 Monaco, Nogh\u00e8s-du Monceau\" \/>\n<meta property=\"og:description\" content=\"[vc_row][vc_column][\/vc_column][\/vc_row][vc_row][vc_column][\/vc_column][\/vc_row]\" \/>\n<meta property=\"og:url\" content=\"https:\/\/www.noghesdumonceau.com\/news\/\" \/>\n<meta property=\"og:site_name\" content=\"Avocats et Juristes \u00e0 Monaco, Nogh\u00e8s-du Monceau\" \/>\n<meta property=\"article:modified_time\" content=\"2020-12-21T15:33:12+00:00\" \/>\n<meta name=\"twitter:card\" content=\"summary_large_image\" \/>\n<script type=\"application\/ld+json\" class=\"yoast-schema-graph\">{\"@context\":\"https:\/\/schema.org\",\"@graph\":[{\"@type\":\"WebPage\",\"@id\":\"https:\/\/www.noghesdumonceau.com\/news\/\",\"url\":\"https:\/\/www.noghesdumonceau.com\/news\/\",\"name\":\"Actualit\u00e9s - Avocats et Juristes \u00e0 Monaco, Nogh\u00e8s-du Monceau\",\"isPartOf\":{\"@id\":\"https:\/\/www.noghesdumonceau.com\/#website\"},\"datePublished\":\"2016-01-04T17:20:54+00:00\",\"dateModified\":\"2020-12-21T15:33:12+00:00\",\"breadcrumb\":{\"@id\":\"https:\/\/www.noghesdumonceau.com\/news\/#breadcrumb\"},\"inLanguage\":\"fr-FR\",\"potentialAction\":[{\"@type\":\"ReadAction\",\"target\":[\"https:\/\/www.noghesdumonceau.com\/news\/\"]}]},{\"@type\":\"BreadcrumbList\",\"@id\":\"https:\/\/www.noghesdumonceau.com\/news\/#breadcrumb\",\"itemListElement\":[{\"@type\":\"ListItem\",\"position\":1,\"name\":\"Accueil\",\"item\":\"https:\/\/www.noghesdumonceau.com\/\"},{\"@type\":\"ListItem\",\"position\":2,\"name\":\"Actualit\u00e9s\"}]},{\"@type\":\"WebSite\",\"@id\":\"https:\/\/www.noghesdumonceau.com\/#website\",\"url\":\"https:\/\/www.noghesdumonceau.com\/\",\"name\":\"Nogh\u00e8s-du-Monceau Law Firm Monaco\",\"description\":\"Nogh\u00e8s-du-Monceau Law Firm Monaco\",\"potentialAction\":[{\"@type\":\"SearchAction\",\"target\":{\"@type\":\"EntryPoint\",\"urlTemplate\":\"https:\/\/www.noghesdumonceau.com\/?s={search_term_string}\"},\"query-input\":\"required name=search_term_string\"}],\"inLanguage\":\"fr-FR\"}]}<\/script>\n<!-- \/ Yoast SEO plugin. -->","yoast_head_json":{"title":"Actualit\u00e9s - Avocats et Juristes \u00e0 Monaco, Nogh\u00e8s-du Monceau","robots":{"index":"index","follow":"follow","max-snippet":"max-snippet:-1","max-image-preview":"max-image-preview:large","max-video-preview":"max-video-preview:-1"},"canonical":"https:\/\/www.noghesdumonceau.com\/news\/","og_locale":"fr_FR","og_type":"article","og_title":"Actualit\u00e9s - Avocats et Juristes \u00e0 Monaco, Nogh\u00e8s-du Monceau","og_description":"[vc_row][vc_column][\/vc_column][\/vc_row][vc_row][vc_column][\/vc_column][\/vc_row]","og_url":"https:\/\/www.noghesdumonceau.com\/news\/","og_site_name":"Avocats et Juristes \u00e0 Monaco, Nogh\u00e8s-du Monceau","article_modified_time":"2020-12-21T15:33:12+00:00","twitter_card":"summary_large_image","schema":{"@context":"https:\/\/schema.org","@graph":[{"@type":"WebPage","@id":"https:\/\/www.noghesdumonceau.com\/news\/","url":"https:\/\/www.noghesdumonceau.com\/news\/","name":"Actualit\u00e9s - Avocats et Juristes \u00e0 Monaco, Nogh\u00e8s-du Monceau","isPartOf":{"@id":"https:\/\/www.noghesdumonceau.com\/#website"},"datePublished":"2016-01-04T17:20:54+00:00","dateModified":"2020-12-21T15:33:12+00:00","breadcrumb":{"@id":"https:\/\/www.noghesdumonceau.com\/news\/#breadcrumb"},"inLanguage":"fr-FR","potentialAction":[{"@type":"ReadAction","target":["https:\/\/www.noghesdumonceau.com\/news\/"]}]},{"@type":"BreadcrumbList","@id":"https:\/\/www.noghesdumonceau.com\/news\/#breadcrumb","itemListElement":[{"@type":"ListItem","position":1,"name":"Accueil","item":"https:\/\/www.noghesdumonceau.com\/"},{"@type":"ListItem","position":2,"name":"Actualit\u00e9s"}]},{"@type":"WebSite","@id":"https:\/\/www.noghesdumonceau.com\/#website","url":"https:\/\/www.noghesdumonceau.com\/","name":"Nogh\u00e8s-du-Monceau Law Firm Monaco","description":"Nogh\u00e8s-du-Monceau Law Firm Monaco","potentialAction":[{"@type":"SearchAction","target":{"@type":"EntryPoint","urlTemplate":"https:\/\/www.noghesdumonceau.com\/?s={search_term_string}"},"query-input":"required name=search_term_string"}],"inLanguage":"fr-FR"}]}},"_links":{"self":[{"href":"https:\/\/www.noghesdumonceau.com\/rest\/wp\/v2\/pages\/4595"}],"collection":[{"href":"https:\/\/www.noghesdumonceau.com\/rest\/wp\/v2\/pages"}],"about":[{"href":"https:\/\/www.noghesdumonceau.com\/rest\/wp\/v2\/types\/page"}],"author":[{"embeddable":true,"href":"https:\/\/www.noghesdumonceau.com\/rest\/wp\/v2\/users\/6"}],"replies":[{"embeddable":true,"href":"https:\/\/www.noghesdumonceau.com\/rest\/wp\/v2\/comments?post=4595"}],"version-history":[{"count":3,"href":"https:\/\/www.noghesdumonceau.com\/rest\/wp\/v2\/pages\/4595\/revisions"}],"predecessor-version":[{"id":6924,"href":"https:\/\/www.noghesdumonceau.com\/rest\/wp\/v2\/pages\/4595\/revisions\/6924"}],"wp:attachment":[{"href":"https:\/\/www.noghesdumonceau.com\/rest\/wp\/v2\/media?parent=4595"}],"curies":[{"name":"wp","href":"https:\/\/api.w.org\/{rel}","templated":true}]}}